{"id":2076,"date":"2019-02-05T09:06:09","date_gmt":"2019-02-05T08:06:09","guid":{"rendered":"https:\/\/labellevue.se\/start\/"},"modified":"2024-09-20T13:11:18","modified_gmt":"2024-09-20T11:11:18","slug":"start","status":"publish","type":"page","link":"https:\/\/labellevue.se\/fr\/","title":{"rendered":"Start"},"content":{"rendered":"<p>[et_pb_section fb_built=\u00a0\u00bb1&Prime; custom_padding_last_edited=\u00a0\u00bbon|phone\u00a0\u00bb admin_label=\u00a0\u00bbVideo\u00a0\u00bb _builder_version=\u00a0\u00bb4.20.2&Prime; custom_margin=\u00a0\u00bb0px||||false|false\u00a0\u00bb custom_padding_tablet=\u00a0\u00bb0px||||false|false\u00a0\u00bb custom_padding_phone=\u00a0\u00bb0px||30px||false|false\u00a0\u00bb global_colors_info=\u00a0\u00bb{}\u00a0\u00bb][et_pb_row custom_padding_last_edited=\u00a0\u00bbon|tablet\u00a0\u00bb _builder_version=\u00a0\u00bb4.17.4&Prime; width_tablet=\u00a0\u00bb\u00a0\u00bb width_phone=\u00a0\u00bb100%\u00a0\u00bb width_last_edited=\u00a0\u00bbon|phone\u00a0\u00bb custom_margin=\u00a0\u00bb||||false|false\u00a0\u00bb custom_padding_tablet=\u00a0\u00bb\u00a0\u00bb custom_padding_phone=\u00a0\u00bb\u00a0\u00bb global_colors_info=\u00a0\u00bb{}\u00a0\u00bb][et_pb_column type=\u00a0\u00bb4_4&Prime; _builder_version=\u00a0\u00bb4.16&Prime; global_colors_info=\u00a0\u00bb{}\u00a0\u00bb][et_pb_video src=\u00a0\u00bbhttps:\/\/player.vimeo.com\/video\/194796920&Prime; image_src=\u00a0\u00bbhttps:\/\/labellevue.se\/wp-content\/uploads\/2020\/03\/LaBelleVue_Movie.jpg\u00a0\u00bb thumbnail_overlay_color=\u00a0\u00bbRGBA(255,255,255,0)\u00a0\u00bb _builder_version=\u00a0\u00bb4.16&Prime; global_colors_info=\u00a0\u00bb{}\u00a0\u00bb][\/et_pb_video][\/et_pb_column][\/et_pb_row][et_pb_row column_structure=\u00a0\u00bb2_3,1_3&Prime; custom_padding_last_edited=\u00a0\u00bbon|tablet\u00a0\u00bb admin_label=\u00a0\u00bbUn lieu de d\u00e9tente\u00a0\u00bb _builder_version=\u00a0\u00bb4.20.2&Prime; custom_padding_tablet=\u00a0\u00bb||0px||false|false\u00a0\u00bb custom_padding_phone=\u00a0\u00bb||||false|false\u00a0\u00bb global_colors_info=\u00a0\u00bb{}\u00a0\u00bb][et_pb_column type=\u00a0\u00bb2_3&Prime; _builder_version=\u00a0\u00bb4.16&Prime; global_colors_info=\u00a0\u00bb{}\u00a0\u00bb][et_pb_text _builder_version=\u00a0\u00bb4.20.2&Prime; custom_padding=\u00a0\u00bb||||false|false\u00a0\u00bb global_colors_info=\u00a0\u00bb{}\u00a0\u00bb]<\/p>\n<h2>Un lieu de d\u00e9tente<\/h2>\n<p>Profiter de la vie, rire ensemble, reposer son corps et son \u00e2me, se retrouver avec des amis et avec soi-m\u00eame, prendre du recul. Bienvenue dans nos chambres d\u2019h\u00f4tes localis\u00e9es dans le village de Neffi\u00e8s, dans le sud de la France. Neffi\u00e8s est situ\u00e9 au c\u0153ur du Languedoc, une r\u00e9gion riche en vignobles, \u00e0 seulement une demi-heure de la M\u00e9diterran\u00e9e. La Belle Vue est notre maison de vie, et nous esp\u00e9rons qu\u2019elle sera un peu la v\u00f4tre le temps de votre s\u00e9jour. Gr\u00e2ce \u00e0 nos chambres d\u2019h\u00f4tes d\u00e9cor\u00e9es individuellement, \u00e0 nos services sur mesure et \u00e0 notre exp\u00e9rience, que nous mettons \u00e0 votre disposition, nous offrons un logement \u00e0 ceux qui veulent voyager de mani\u00e8re diff\u00e9rente.<\/p>\n<p>[\/et_pb_text][\/et_pb_column][et_pb_column type=\u00a0\u00bb1_3&Prime; _builder_version=\u00a0\u00bb4.16&Prime; global_colors_info=\u00a0\u00bb{}\u00a0\u00bb][\/et_pb_column][\/et_pb_row][\/et_pb_section][et_pb_section fb_built=\u00a0\u00bb1&Prime; custom_padding_last_edited=\u00a0\u00bboff|desktop\u00a0\u00bb admin_label=\u00a0\u00bbV\u00e5ra rum\u00a0\u00bb _builder_version=\u00a0\u00bb4.20.4&Prime; _module_preset=\u00a0\u00bbdefault\u00a0\u00bb background_image=\u00a0\u00bbhttps:\/\/labellevue.se\/wp-content\/uploads\/2023\/04\/Florence_04_1800.webp\u00a0\u00bb module_alignment=\u00a0\u00bbcenter\u00a0\u00bb custom_margin=\u00a0\u00bb||30px||false|false\u00a0\u00bb custom_padding=\u00a0\u00bb15vw||25vw||false|false\u00a0\u00bb global_colors_info=\u00a0\u00bb{}\u00a0\u00bb][et_pb_row use_custom_gutter=\u00a0\u00bbon\u00a0\u00bb gutter_width=\u00a0\u00bb1&Prime; make_equal=\u00a0\u00bbon\u00a0\u00bb _builder_version=\u00a0\u00bb4.16&Prime; background_enable_color=\u00a0\u00bboff\u00a0\u00bb width=\u00a0\u00bb100%\u00a0\u00bb max_width=\u00a0\u00bb380px\u00a0\u00bb max_width_tablet=\u00a0\u00bb380px\u00a0\u00bb max_width_phone=\u00a0\u00bb90%\u00a0\u00bb max_width_last_edited=\u00a0\u00bbon|phone\u00a0\u00bb module_alignment=\u00a0\u00bbcenter\u00a0\u00bb custom_margin=\u00a0\u00bb||||false|false\u00a0\u00bb custom_padding=\u00a0\u00bb0px||||false|false\u00a0\u00bb custom_css_main_element=\u00a0\u00bb\t\u00a0\u00bb global_colors_info=\u00a0\u00bb{}\u00a0\u00bb][et_pb_column type=\u00a0\u00bb4_4&Prime; _builder_version=\u00a0\u00bb4.16&Prime; background_enable_color=\u00a0\u00bboff\u00a0\u00bb background_enable_image=\u00a0\u00bboff\u00a0\u00bb custom_padding=\u00a0\u00bb3%|3%|3%|3%|true|true\u00a0\u00bb custom_padding_last_edited=\u00a0\u00bboff|desktop\u00a0\u00bb custom_css_main_element=\u00a0\u00bbdisplay: flex;||flex-direction: column;||justify-content: center;\u00a0\u00bb global_colors_info=\u00a0\u00bb{}\u00a0\u00bb][et_pb_text _builder_version=\u00a0\u00bb4.20.4&Prime; background_color=\u00a0\u00bbrgba(79,63,49,0.6)\u00a0\u00bb custom_padding=\u00a0\u00bb20px|20px|15px|20px|false|false\u00a0\u00bb global_colors_info=\u00a0\u00bb{}\u00a0\u00bb]<\/p>\n<h2>Venez profiter de nos chambres d\u00e9cor\u00e9es individuellement.<\/h2>\n<p>[\/et_pb_text][et_pb_button button_url=\u00a0\u00bb@ET-DC@eyJkeW5hbWljIjp0cnVlLCJjb250ZW50IjoicG9zdF9saW5rX3VybF9wYWdlIiwic2V0dGluZ3MiOnsicG9zdF9pZCI6IjIxOSJ9fQ==@\u00a0\u00bb button_text=\u00a0\u00bbNos chambres\u00a0\u00bb _builder_version=\u00a0\u00bb4.20.2&Prime; _dynamic_attributes=\u00a0\u00bbbutton_url\u00a0\u00bb _module_preset=\u00a0\u00bbdefault\u00a0\u00bb button_bg_color=\u00a0\u00bbRGBA(112,99,94,0.4)\u00a0\u00bb global_colors_info=\u00a0\u00bb{}\u00a0\u00bb][\/et_pb_button][\/et_pb_column][\/et_pb_row][\/et_pb_section][et_pb_section fb_built=\u00a0\u00bb1&Prime; admin_label=\u00a0\u00bbYogaresor\u00a0\u00bb _builder_version=\u00a0\u00bb4.17.3&Prime; _module_preset=\u00a0\u00bbdefault\u00a0\u00bb custom_padding=\u00a0\u00bb0px||34px||false|false\u00a0\u00bb custom_padding_phone=\u00a0\u00bb0px||0px||false|false\u00a0\u00bb collapsed=\u00a0\u00bboff\u00a0\u00bb global_colors_info=\u00a0\u00bb{}\u00a0\u00bb][et_pb_row column_structure=\u00a0\u00bb2_5,3_5&Prime; make_equal=\u00a0\u00bbon\u00a0\u00bb module_class=\u00a0\u00bbcustom_row\u00a0\u00bb _builder_version=\u00a0\u00bb4.20.2&Prime; background_enable_color=\u00a0\u00bboff\u00a0\u00bb width_tablet=\u00a0\u00bb\u00a0\u00bb width_phone=\u00a0\u00bb100%\u00a0\u00bb width_last_edited=\u00a0\u00bbon|tablet\u00a0\u00bb custom_margin=\u00a0\u00bb0px||0px||false|false\u00a0\u00bb custom_padding_tablet=\u00a0\u00bb||||false|false\u00a0\u00bb custom_padding_phone=\u00a0\u00bb0px||0px||false|false\u00a0\u00bb global_colors_info=\u00a0\u00bb{}\u00a0\u00bb][et_pb_column type=\u00a0\u00bb2_5&Prime; module_class=\u00a0\u00bbsecond-on-mobile\u00a0\u00bb _builder_version=\u00a0\u00bb4.20.2&Prime; background_enable_color=\u00a0\u00bboff\u00a0\u00bb custom_padding=\u00a0\u00bb||||true|true\u00a0\u00bb custom_padding_tablet=\u00a0\u00bb3%||||false|true\u00a0\u00bb custom_padding_phone=\u00a0\u00bb3%|5%|3%|5%|true|true\u00a0\u00bb custom_padding_last_edited=\u00a0\u00bbon|phone\u00a0\u00bb custom_css_main_element=\u00a0\u00bbdisplay: flex;||flex-direction: column;||justify-content: center;\u00a0\u00bb global_colors_info=\u00a0\u00bb{}\u00a0\u00bb][et_pb_text _builder_version=\u00a0\u00bb4.20.2&Prime; custom_padding=\u00a0\u00bb||||false|false\u00a0\u00bb custom_padding_tablet=\u00a0\u00bb30px||||false|false\u00a0\u00bb custom_padding_phone=\u00a0\u00bb30px||||false|false\u00a0\u00bb custom_padding_last_edited=\u00a0\u00bbon|phone\u00a0\u00bb global_colors_info=\u00a0\u00bb{}\u00a0\u00bb]<\/p>\n<h2>S\u00e9minaires de yoga<\/h2>\n<p class=\"p1\">Venez profiter d\u2019un s\u00e9jour 100 % d\u00e9tente avec atelier de yoga ! Vous alternerez entre des s\u00e9ances de yoga, de m\u00e9ditation, des bons repas, des visites de vignobles, des d\u00e9ambulations au march\u00e9 et dans des villages pittoresques alentours.<\/p>\n<p>[\/et_pb_text][et_pb_button button_url=\u00a0\u00bb@ET-DC@eyJkeW5hbWljIjp0cnVlLCJjb250ZW50IjoicG9zdF9saW5rX3VybF9wb3N0Iiwic2V0dGluZ3MiOnsicG9zdF9pZCI6IjEwNDYifX0=@\u00a0\u00bb button_text=\u00a0\u00bbEn savoir plus et r\u00e9server\u00a0\u00bb _builder_version=\u00a0\u00bb4.20.2&Prime; _dynamic_attributes=\u00a0\u00bbbutton_url\u00a0\u00bb _module_preset=\u00a0\u00bbdefault\u00a0\u00bb global_colors_info=\u00a0\u00bb{}\u00a0\u00bb][\/et_pb_button][\/et_pb_column][et_pb_column type=\u00a0\u00bb3_5&Prime; module_class=\u00a0\u00bbfirst-on-mobile\u00a0\u00bb _builder_version=\u00a0\u00bb4.20.2&Prime; background_image=\u00a0\u00bbhttps:\/\/labellevue.se\/wp-content\/uploads\/2023\/03\/Yoga_01.jpg\u00a0\u00bb custom_padding=\u00a0\u00bb||||true|true\u00a0\u00bb global_colors_info=\u00a0\u00bb{}\u00a0\u00bb][et_pb_divider show_divider=\u00a0\u00bboff\u00a0\u00bb _builder_version=\u00a0\u00bb4.20.2&Prime; _dynamic_attributes=\u00a0\u00bblink_option_url\u00a0\u00bb min_height=\u00a0\u00bb400px\u00a0\u00bb link_option_url=\u00a0\u00bb@ET-DC@eyJkeW5hbWljIjp0cnVlLCJjb250ZW50IjoicG9zdF9saW5rX3VybF9wb3N0Iiwic2V0dGluZ3MiOnsicG9zdF9pZCI6IjEwNDYifX0=@\u00a0\u00bb global_colors_info=\u00a0\u00bb{}\u00a0\u00bb][\/et_pb_divider][\/et_pb_column][\/et_pb_row][et_pb_row column_structure=\u00a0\u00bb3_5,2_5&Prime; make_equal=\u00a0\u00bbon\u00a0\u00bb admin_label=\u00a0\u00bbD\u00e9couverte des vins de la r\u00e9gion\u00a0\u00bb _builder_version=\u00a0\u00bb4.20.2&Prime; background_enable_color=\u00a0\u00bboff\u00a0\u00bb width_tablet=\u00a0\u00bb\u00a0\u00bb width_phone=\u00a0\u00bb100%\u00a0\u00bb width_last_edited=\u00a0\u00bbon|phone\u00a0\u00bb custom_margin=\u00a0\u00bb||0px||false|false\u00a0\u00bb custom_css_main_element=\u00a0\u00bb\t\u00a0\u00bb global_colors_info=\u00a0\u00bb{}\u00a0\u00bb][et_pb_column type=\u00a0\u00bb3_5&Prime; _builder_version=\u00a0\u00bb4.20.2&Prime; background_image=\u00a0\u00bbhttps:\/\/labellevue.se\/wp-content\/uploads\/2023\/03\/Vinresor_02.jpg\u00a0\u00bb custom_padding=\u00a0\u00bb||||true|true\u00a0\u00bb global_colors_info=\u00a0\u00bb{}\u00a0\u00bb][et_pb_divider show_divider=\u00a0\u00bboff\u00a0\u00bb _builder_version=\u00a0\u00bb4.20.2&Prime; _dynamic_attributes=\u00a0\u00bblink_option_url\u00a0\u00bb min_height=\u00a0\u00bb400px\u00a0\u00bb link_option_url=\u00a0\u00bb@ET-DC@eyJkeW5hbWljIjp0cnVlLCJjb250ZW50IjoicG9zdF9saW5rX3VybF9wb3N0Iiwic2V0dGluZ3MiOnsicG9zdF9pZCI6IjEwNTAifX0=@\u00a0\u00bb global_colors_info=\u00a0\u00bb{}\u00a0\u00bb][\/et_pb_divider][\/et_pb_column][et_pb_column type=\u00a0\u00bb2_5&Prime; _builder_version=\u00a0\u00bb4.20.2&Prime; background_enable_color=\u00a0\u00bboff\u00a0\u00bb custom_padding=\u00a0\u00bb||||true|true\u00a0\u00bb custom_padding_tablet=\u00a0\u00bb3%||||false|true\u00a0\u00bb custom_padding_phone=\u00a0\u00bb3%|5%|3%|5%|true|true\u00a0\u00bb custom_padding_last_edited=\u00a0\u00bbon|phone\u00a0\u00bb custom_css_main_element=\u00a0\u00bbdisplay: flex;||flex-direction: column;||justify-content: center;\u00a0\u00bb global_colors_info=\u00a0\u00bb{}\u00a0\u00bb][et_pb_text _builder_version=\u00a0\u00bb4.20.2&Prime; custom_padding=\u00a0\u00bb||||false|false\u00a0\u00bb global_colors_info=\u00a0\u00bb{}\u00a0\u00bb]<\/p>\n<h2>D\u00e9couverte des vins de la r\u00e9gion<\/h2>\n<p>Le Languedoc n\u2019est pas seulement la plus grande r\u00e9gion viticole au monde, mais aussi la r\u00e9gion viticole la plus \u00ab chaude \u00bb de France. Embarquez pour un fabuleux voyage \u00e0 la d\u00e9couverte des vins fantastiques de la r\u00e9gion, de nos restaurants pr\u00e9f\u00e9r\u00e9s et de la vie dans un petit village typique fran\u00e7ais. Ici, vous pourrez rencontrer des viticulteurs et tout conna\u00eetre de la production du vin.<\/p>\n<p>[\/et_pb_text][et_pb_button button_url=\u00a0\u00bb@ET-DC@eyJkeW5hbWljIjp0cnVlLCJjb250ZW50IjoicG9zdF9saW5rX3VybF9wb3N0Iiwic2V0dGluZ3MiOnsicG9zdF9pZCI6IjEwNTAifX0=@\u00a0\u00bb button_text=\u00a0\u00bbEn savoir plus et r\u00e9server\u00a0\u00bb _builder_version=\u00a0\u00bb4.20.2&Prime; _dynamic_attributes=\u00a0\u00bbbutton_url\u00a0\u00bb _module_preset=\u00a0\u00bbdefault\u00a0\u00bb global_colors_info=\u00a0\u00bb{}\u00a0\u00bb][\/et_pb_button][\/et_pb_column][\/et_pb_row][et_pb_row column_structure=\u00a0\u00bb2_5,3_5&Prime; make_equal=\u00a0\u00bbon\u00a0\u00bb module_class=\u00a0\u00bbcustom_row\u00a0\u00bb _builder_version=\u00a0\u00bb4.27.0&Prime; background_enable_color=\u00a0\u00bboff\u00a0\u00bb width_tablet=\u00a0\u00bb\u00a0\u00bb width_phone=\u00a0\u00bb100%\u00a0\u00bb width_last_edited=\u00a0\u00bbon|tablet\u00a0\u00bb custom_margin=\u00a0\u00bb0px||0px||false|false\u00a0\u00bb custom_padding_tablet=\u00a0\u00bb||||false|false\u00a0\u00bb custom_padding_phone=\u00a0\u00bb0px||0px||false|false\u00a0\u00bb global_colors_info=\u00a0\u00bb{}\u00a0\u00bb][et_pb_column type=\u00a0\u00bb2_5&Prime; module_class=\u00a0\u00bbsecond-on-mobile\u00a0\u00bb _builder_version=\u00a0\u00bb4.20.2&Prime; background_enable_color=\u00a0\u00bboff\u00a0\u00bb custom_padding=\u00a0\u00bb||||true|true\u00a0\u00bb custom_padding_tablet=\u00a0\u00bb3%||||false|true\u00a0\u00bb custom_padding_phone=\u00a0\u00bb3%|5%|3%|5%|true|true\u00a0\u00bb custom_padding_last_edited=\u00a0\u00bbon|phone\u00a0\u00bb custom_css_main_element=\u00a0\u00bbdisplay: flex;||flex-direction: column;||justify-content: center;\u00a0\u00bb global_colors_info=\u00a0\u00bb{}\u00a0\u00bb][et_pb_text _builder_version=\u00a0\u00bb4.27.0&Prime; custom_padding=\u00a0\u00bb||||false|false\u00a0\u00bb custom_padding_tablet=\u00a0\u00bb30px||||false|false\u00a0\u00bb custom_padding_phone=\u00a0\u00bb30px||||false|false\u00a0\u00bb custom_padding_last_edited=\u00a0\u00bbon|phone\u00a0\u00bb global_colors_info=\u00a0\u00bb{}\u00a0\u00bb]<\/p>\n<h2>Collaboration avec Magnus Lindstr\u00f6m et Swedish Taste<\/h2>\n<p class=\"p1\">Nous sommes fiers de vous pr\u00e9senter une collaboration unique et exclusive entre La Belle Vue, Le Bon Vin et le chef \u00e9toil\u00e9 Magnus Lindstr\u00f6m de Swedish Taste.<br \/>\nMagnus est non seulement l&rsquo;un des chefs su\u00e9dois les plus en vue, avec deux m\u00e9dailles olympiques en gastronomie et le titre de chef de l&rsquo;ann\u00e9e, mais il dirige \u00e9galement l&rsquo;un des restaurants les plus appr\u00e9ci\u00e9s, le NK \u00e0 G\u00f6teborg. <\/p>\n<p>[\/et_pb_text][et_pb_button button_url=\u00a0\u00bb@ET-DC@eyJkeW5hbWljIjp0cnVlLCJjb250ZW50IjoicG9zdF9saW5rX3VybF9wb3N0Iiwic2V0dGluZ3MiOnsicG9zdF9pZCI6IjI0MzAifX0=@\u00a0\u00bb button_text=\u00a0\u00bbEn savoir plus\u00a0\u00bb _builder_version=\u00a0\u00bb4.27.0&Prime; _dynamic_attributes=\u00a0\u00bbbutton_url\u00a0\u00bb _module_preset=\u00a0\u00bbdefault\u00a0\u00bb global_colors_info=\u00a0\u00bb{}\u00a0\u00bb][\/et_pb_button][\/et_pb_column][et_pb_column type=\u00a0\u00bb3_5&Prime; module_class=\u00a0\u00bbfirst-on-mobile\u00a0\u00bb _builder_version=\u00a0\u00bb4.27.0&Prime; background_image=\u00a0\u00bbhttps:\/\/labellevue.se\/wp-content\/uploads\/2024\/08\/Samarbete_SwedishTaste_toppbild.webp\u00a0\u00bb custom_padding=\u00a0\u00bb||||true|true\u00a0\u00bb global_colors_info=\u00a0\u00bb{}\u00a0\u00bb][et_pb_divider show_divider=\u00a0\u00bboff\u00a0\u00bb _builder_version=\u00a0\u00bb4.20.2&Prime; _dynamic_attributes=\u00a0\u00bblink_option_url\u00a0\u00bb min_height=\u00a0\u00bb400px\u00a0\u00bb link_option_url=\u00a0\u00bb@ET-DC@eyJkeW5hbWljIjp0cnVlLCJjb250ZW50IjoicG9zdF9saW5rX3VybF9wb3N0Iiwic2V0dGluZ3MiOnsicG9zdF9pZCI6IjEwNDYifX0=@\u00a0\u00bb global_colors_info=\u00a0\u00bb{}\u00a0\u00bb][\/et_pb_divider][\/et_pb_column][\/et_pb_row][\/et_pb_section][et_pb_section fb_built=\u00a0\u00bb1&Prime; custom_padding_last_edited=\u00a0\u00bboff|phone\u00a0\u00bb admin_label=\u00a0\u00bbLe Bon Vin\u00a0\u00bb _builder_version=\u00a0\u00bb4.20.2&Prime; _module_preset=\u00a0\u00bbdefault\u00a0\u00bb background_image=\u00a0\u00bbhttps:\/\/labellevue.se\/wp-content\/uploads\/2023\/03\/lbv_02.jpg\u00a0\u00bb module_alignment=\u00a0\u00bbcenter\u00a0\u00bb custom_margin=\u00a0\u00bb||||false|false\u00a0\u00bb custom_padding=\u00a0\u00bb10vw||20vw||false|false\u00a0\u00bb custom_padding_phone=\u00a0\u00bb||||false|false\u00a0\u00bb global_colors_info=\u00a0\u00bb{}\u00a0\u00bb][et_pb_row use_custom_gutter=\u00a0\u00bbon\u00a0\u00bb gutter_width=\u00a0\u00bb1&Prime; make_equal=\u00a0\u00bbon\u00a0\u00bb _builder_version=\u00a0\u00bb4.20.2&Prime; _dynamic_attributes=\u00a0\u00bblink_option_url\u00a0\u00bb background_enable_color=\u00a0\u00bboff\u00a0\u00bb width=\u00a0\u00bb100%\u00a0\u00bb max_width=\u00a0\u00bb400px\u00a0\u00bb max_width_tablet=\u00a0\u00bb400px\u00a0\u00bb max_width_phone=\u00a0\u00bb90%\u00a0\u00bb max_width_last_edited=\u00a0\u00bbon|phone\u00a0\u00bb module_alignment=\u00a0\u00bbcenter\u00a0\u00bb custom_margin=\u00a0\u00bb||||false|false\u00a0\u00bb custom_padding=\u00a0\u00bb0px||||false|false\u00a0\u00bb link_option_url=\u00a0\u00bb@ET-DC@eyJkeW5hbWljIjp0cnVlLCJjb250ZW50IjoicG9zdF9saW5rX3VybF9wYWdlIiwic2V0dGluZ3MiOnsicG9zdF9pZCI6IjEwMzEifX0=@\u00a0\u00bb custom_css_main_element=\u00a0\u00bb\t\u00a0\u00bb global_colors_info=\u00a0\u00bb{}\u00a0\u00bb][et_pb_column type=\u00a0\u00bb4_4&Prime; _builder_version=\u00a0\u00bb4.16&Prime; background_enable_color=\u00a0\u00bboff\u00a0\u00bb background_enable_image=\u00a0\u00bboff\u00a0\u00bb custom_padding=\u00a0\u00bb3%|3%|3%|3%|true|true\u00a0\u00bb custom_padding_last_edited=\u00a0\u00bboff|desktop\u00a0\u00bb custom_css_main_element=\u00a0\u00bbdisplay: flex;||flex-direction: column;||justify-content: center;\u00a0\u00bb global_colors_info=\u00a0\u00bb{}\u00a0\u00bb][et_pb_text _builder_version=\u00a0\u00bb4.20.2&Prime; background_color=\u00a0\u00bbrgba(79,63,49,0.6)\u00a0\u00bb custom_padding=\u00a0\u00bb20px|10px|20px|15px|false|false\u00a0\u00bb global_colors_info=\u00a0\u00bb{}\u00a0\u00bb]<\/p>\n<h2>Le Bon Vin : tous les meilleurs vins sur le pas de votre porte<\/h2>\n<p>Vous avez envie de profiter des meilleurs crus du Languedoc chez vous ? Nous avons s\u00e9lectionn\u00e9 pour vous les meilleurs viticulteurs, ind\u00e9pendants et dirigeant de petites exploitations, qui produisent des vins artisanaux de qualit\u00e9. Cliquer ici pour en savoir plus et vous inscrire \u00e0 notre newsletter sur le vin.<\/p>\n<p>[\/et_pb_text][et_pb_button button_url=\u00a0\u00bb@ET-DC@eyJkeW5hbWljIjp0cnVlLCJjb250ZW50IjoicG9zdF9saW5rX3VybF9wYWdlIiwic2V0dGluZ3MiOnsicG9zdF9pZCI6IjEwMzEifX0=@\u00a0\u00bb button_text=\u00a0\u00bbEn savoir plus et vous inscrire \u00e0 notre newsletter\u00a0\u00bb _builder_version=\u00a0\u00bb4.20.2&Prime; _dynamic_attributes=\u00a0\u00bbbutton_url\u00a0\u00bb _module_preset=\u00a0\u00bbdefault\u00a0\u00bb button_bg_color=\u00a0\u00bbRGBA(112,99,94,0.4)\u00a0\u00bb custom_margin_last_edited=\u00a0\u00bboff|tablet\u00a0\u00bb custom_css_main_element=\u00a0\u00bbwidth: 100%;||text-align: center;||line-height: 1.3 !important;\u00a0\u00bb global_colors_info=\u00a0\u00bb{}\u00a0\u00bb][\/et_pb_button][\/et_pb_column][\/et_pb_row][\/et_pb_section][et_pb_section fb_built=\u00a0\u00bb1&Prime; admin_label=\u00a0\u00bbSection\u00a0\u00bb _builder_version=\u00a0\u00bb4.20.2&Prime; _module_preset=\u00a0\u00bbdefault\u00a0\u00bb custom_padding_phone=\u00a0\u00bb20px||30px||false|false\u00a0\u00bb global_colors_info=\u00a0\u00bb{}\u00a0\u00bb][et_pb_row column_structure=\u00a0\u00bb2_5,3_5&Prime; make_equal=\u00a0\u00bbon\u00a0\u00bb custom_padding_last_edited=\u00a0\u00bbon|desktop\u00a0\u00bb admin_label=\u00a0\u00bbD\u00e9gustation de vins\u00a0\u00bb module_class=\u00a0\u00bbcustom_row\u00a0\u00bb _builder_version=\u00a0\u00bb4.20.2&Prime; width_tablet=\u00a0\u00bb\u00a0\u00bb width_phone=\u00a0\u00bb100%\u00a0\u00bb width_last_edited=\u00a0\u00bbon|phone\u00a0\u00bb custom_margin=\u00a0\u00bb||||false|false\u00a0\u00bb custom_padding_tablet=\u00a0\u00bb||0px||false|false\u00a0\u00bb custom_padding_phone=\u00a0\u00bb30px||0px||false|false\u00a0\u00bb custom_css_main_element=\u00a0\u00bbalign-items: center;\u00a0\u00bb global_colors_info=\u00a0\u00bb{}\u00a0\u00bb][et_pb_column type=\u00a0\u00bb2_5&Prime; module_class=\u00a0\u00bbsecond-on-mobile\u00a0\u00bb _builder_version=\u00a0\u00bb4.20.2&Prime; custom_padding_tablet=\u00a0\u00bb3%||||false|false\u00a0\u00bb custom_padding_phone=\u00a0\u00bb3%|5%|3%|5%|true|true\u00a0\u00bb custom_padding_last_edited=\u00a0\u00bbon|phone\u00a0\u00bb global_colors_info=\u00a0\u00bb{}\u00a0\u00bb][et_pb_text _builder_version=\u00a0\u00bb4.20.2&Prime; custom_padding_tablet=\u00a0\u00bb30px||||false|false\u00a0\u00bb custom_padding_phone=\u00a0\u00bb30px||||false|false\u00a0\u00bb custom_padding_last_edited=\u00a0\u00bbon|tablet\u00a0\u00bb global_colors_info=\u00a0\u00bb{}\u00a0\u00bb]<\/p>\n<h2>D\u00e9gustation de vins en Su\u00e8de<\/h2>\n<p>Plut\u00f4t que d\u2019attendre que vous veniez en France nous rendre visite, nous venons simplement chez vous ! Chaque ann\u00e9e, nous emmenons l\u2019un de nos viticulteurs et organisons une courte tourn\u00e9e de d\u00e9gustation de vins fran\u00e7ais en Su\u00e8de, o\u00f9 vous pourrez venir d\u00e9guster les vins du vignoble ou bien prendre part \u00e0 un d\u00eener de viticulteurs dans l\u2019un des restaurants avec lesquels nous travaillons en Su\u00e8de. <\/p>\n<p>[\/et_pb_text][et_pb_button button_url=\u00a0\u00bb@ET-DC@eyJkeW5hbWljIjp0cnVlLCJjb250ZW50IjoicG9zdF9saW5rX3VybF9wb3N0Iiwic2V0dGluZ3MiOnsicG9zdF9pZCI6IjEzNzUifX0=@\u00a0\u00bb button_text=\u00a0\u00bbEn savoir plus\u00a0\u00bb _builder_version=\u00a0\u00bb4.20.2&Prime; _dynamic_attributes=\u00a0\u00bbbutton_url\u00a0\u00bb _module_preset=\u00a0\u00bbdefault\u00a0\u00bb global_colors_info=\u00a0\u00bb{}\u00a0\u00bb][\/et_pb_button][\/et_pb_column][et_pb_column type=\u00a0\u00bb3_5&Prime; module_class=\u00a0\u00bbfirst-on-mobile\u00a0\u00bb _builder_version=\u00a0\u00bb4.20.2&Prime; background_image=\u00a0\u00bbhttps:\/\/labellevue.se\/wp-content\/uploads\/2023\/03\/lbv_01.jpg\u00a0\u00bb custom_padding=\u00a0\u00bb||||false|false\u00a0\u00bb global_colors_info=\u00a0\u00bb{}\u00a0\u00bb][et_pb_divider show_divider=\u00a0\u00bboff\u00a0\u00bb _builder_version=\u00a0\u00bb4.20.2&Prime; _dynamic_attributes=\u00a0\u00bblink_option_url\u00a0\u00bb min_height=\u00a0\u00bb400px\u00a0\u00bb link_option_url=\u00a0\u00bb@ET-DC@eyJkeW5hbWljIjp0cnVlLCJjb250ZW50IjoicG9zdF9saW5rX3VybF9wb3N0Iiwic2V0dGluZ3MiOnsicG9zdF9pZCI6IjEzNzUifX0=@\u00a0\u00bb global_colors_info=\u00a0\u00bb{}\u00a0\u00bb][\/et_pb_divider][\/et_pb_column][\/et_pb_row][et_pb_row column_structure=\u00a0\u00bb3_5,2_5&Prime; make_equal=\u00a0\u00bbon\u00a0\u00bb admin_label=\u00a0\u00bbNotre ville\u00a0\u00bb _builder_version=\u00a0\u00bb4.20.2&Prime; background_enable_color=\u00a0\u00bboff\u00a0\u00bb width_tablet=\u00a0\u00bb\u00a0\u00bb width_phone=\u00a0\u00bb100%\u00a0\u00bb width_last_edited=\u00a0\u00bbon|phone\u00a0\u00bb custom_margin=\u00a0\u00bb||0px||false|false\u00a0\u00bb custom_padding_phone=\u00a0\u00bb0px||0px||false|false\u00a0\u00bb custom_css_main_element=\u00a0\u00bb\t\u00a0\u00bb global_colors_info=\u00a0\u00bb{}\u00a0\u00bb][et_pb_column type=\u00a0\u00bb3_5&Prime; _builder_version=\u00a0\u00bb4.20.2&Prime; background_image=\u00a0\u00bbhttps:\/\/labellevue.se\/wp-content\/uploads\/2022\/04\/Neffies_07_web.jpg\u00a0\u00bb custom_padding=\u00a0\u00bb3%|3%|3%|3%|true|true\u00a0\u00bb global_colors_info=\u00a0\u00bb{}\u00a0\u00bb][et_pb_divider show_divider=\u00a0\u00bboff\u00a0\u00bb _builder_version=\u00a0\u00bb4.16&Prime; min_height=\u00a0\u00bb400px\u00a0\u00bb global_colors_info=\u00a0\u00bb{}\u00a0\u00bb][\/et_pb_divider][\/et_pb_column][et_pb_column type=\u00a0\u00bb2_5&Prime; _builder_version=\u00a0\u00bb4.20.2&Prime; background_enable_color=\u00a0\u00bboff\u00a0\u00bb custom_padding_tablet=\u00a0\u00bb3%||||false|false\u00a0\u00bb custom_padding_phone=\u00a0\u00bb3%|5%|3%|5%|true|true\u00a0\u00bb custom_padding_last_edited=\u00a0\u00bbon|phone\u00a0\u00bb custom_css_main_element=\u00a0\u00bbdisplay: flex;||flex-direction: column;||justify-content: center;\u00a0\u00bb global_colors_info=\u00a0\u00bb{}\u00a0\u00bb][et_pb_text _builder_version=\u00a0\u00bb4.20.2&Prime; global_colors_info=\u00a0\u00bb{}\u00a0\u00bb]<\/p>\n<h2>Notre village et ses environs<\/h2>\n<p>Situ\u00e9 dans la magnifique r\u00e9gion du Languedoc, dans le sud de la France, Neffi\u00e9s est connu comme la C\u00f4te d&rsquo;Azur cach\u00e9e de la France. Le village remonte au 12e si\u00e8cle et a toujours compt\u00e9 environ 1 000 habitants. Aujourd&rsquo;hui, nous sommes originaires de 20 pays diff\u00e9rents. Elle est connue pour \u00eatre ouverte, agr\u00e9able et tr\u00e8s conviviale. Tout le monde se salue dans la rue, jeunes et vieux, et le matin, chez le boulanger, on discute des grandes questions de la vie, de quelques banalit\u00e9s et de questions amicales pour savoir comment ils vont et si nos h\u00f4tes sont heureux au village.<\/p>\n<p>[\/et_pb_text][et_pb_button button_url=\u00a0\u00bb@ET-DC@eyJkeW5hbWljIjp0cnVlLCJjb250ZW50IjoicG9zdF9saW5rX3VybF9wYWdlIiwic2V0dGluZ3MiOnsicG9zdF9pZCI6IjE2NiJ9fQ==@\u00a0\u00bb button_text=\u00a0\u00bbEn savoir plus\u00a0\u00bb _builder_version=\u00a0\u00bb4.20.2&Prime; _dynamic_attributes=\u00a0\u00bbbutton_url\u00a0\u00bb _module_preset=\u00a0\u00bbdefault\u00a0\u00bb global_colors_info=\u00a0\u00bb{}\u00a0\u00bb][\/et_pb_button][\/et_pb_column][\/et_pb_row][\/et_pb_section][et_pb_section fb_built=\u00a0\u00bb1&Prime; custom_padding_last_edited=\u00a0\u00bboff|phone\u00a0\u00bb admin_label=\u00a0\u00bbFrukost\u00a0\u00bb _builder_version=\u00a0\u00bb4.20.2&Prime; _module_preset=\u00a0\u00bbdefault\u00a0\u00bb background_image=\u00a0\u00bbhttps:\/\/labellevue.se\/wp-content\/uploads\/2023\/03\/Frukost_01_large.jpg\u00a0\u00bb module_alignment=\u00a0\u00bbcenter\u00a0\u00bb custom_margin=\u00a0\u00bb||||false|false\u00a0\u00bb custom_padding=\u00a0\u00bb15vw||25vw||false|false\u00a0\u00bb custom_padding_phone=\u00a0\u00bb||||false|false\u00a0\u00bb global_colors_info=\u00a0\u00bb{}\u00a0\u00bb][et_pb_row use_custom_gutter=\u00a0\u00bbon\u00a0\u00bb gutter_width=\u00a0\u00bb1&Prime; make_equal=\u00a0\u00bbon\u00a0\u00bb _builder_version=\u00a0\u00bb4.20.2&Prime; _dynamic_attributes=\u00a0\u00bblink_option_url\u00a0\u00bb background_enable_color=\u00a0\u00bboff\u00a0\u00bb width=\u00a0\u00bb100%\u00a0\u00bb max_width=\u00a0\u00bb400px\u00a0\u00bb max_width_tablet=\u00a0\u00bb400px\u00a0\u00bb max_width_phone=\u00a0\u00bb90%\u00a0\u00bb max_width_last_edited=\u00a0\u00bbon|phone\u00a0\u00bb module_alignment=\u00a0\u00bbcenter\u00a0\u00bb custom_margin=\u00a0\u00bb||||false|false\u00a0\u00bb custom_padding=\u00a0\u00bb0px||||false|false\u00a0\u00bb link_option_url=\u00a0\u00bb@ET-DC@eyJkeW5hbWljIjp0cnVlLCJjb250ZW50IjoicG9zdF9saW5rX3VybF9wYWdlIiwic2V0dGluZ3MiOnsicG9zdF9pZCI6IjIxMSJ9fQ==@\u00a0\u00bb custom_css_main_element=\u00a0\u00bb\t\u00a0\u00bb global_colors_info=\u00a0\u00bb{}\u00a0\u00bb][et_pb_column type=\u00a0\u00bb4_4&Prime; _builder_version=\u00a0\u00bb4.16&Prime; background_enable_color=\u00a0\u00bboff\u00a0\u00bb background_enable_image=\u00a0\u00bboff\u00a0\u00bb custom_padding=\u00a0\u00bb3%|3%|3%|3%|true|true\u00a0\u00bb custom_padding_last_edited=\u00a0\u00bboff|desktop\u00a0\u00bb custom_css_main_element=\u00a0\u00bbdisplay: flex;||flex-direction: column;||justify-content: center;\u00a0\u00bb global_colors_info=\u00a0\u00bb{}\u00a0\u00bb][et_pb_text _builder_version=\u00a0\u00bb4.20.2&Prime; background_color=\u00a0\u00bbrgba(79,63,49,0.6)\u00a0\u00bb custom_padding=\u00a0\u00bb20px|10px|20px|15px|false|false\u00a0\u00bb global_colors_info=\u00a0\u00bb{}\u00a0\u00bb]<\/p>\n<h2>Le petit-d\u00e9jeuner et le d\u00eener sont servis avec des kilom\u00e8tres de vue sur les vignobles.<\/h2>\n<p>[\/et_pb_text][\/et_pb_column][\/et_pb_row][\/et_pb_section][et_pb_section fb_built=\u00a0\u00bb1&Prime; admin_label=\u00a0\u00bbV\u00e4lkommen\u00a0\u00bb _builder_version=\u00a0\u00bb4.16&Prime; _module_preset=\u00a0\u00bbdefault\u00a0\u00bb custom_padding=\u00a0\u00bb28px||||false|false\u00a0\u00bb global_colors_info=\u00a0\u00bb{}\u00a0\u00bb][et_pb_row _builder_version=\u00a0\u00bb4.17.4&Prime; custom_padding=\u00a0\u00bb50px||||false|false\u00a0\u00bb custom_padding_phone=\u00a0\u00bb30px||0px||false|false\u00a0\u00bb global_colors_info=\u00a0\u00bb{}\u00a0\u00bb][et_pb_column type=\u00a0\u00bb4_4&Prime; _builder_version=\u00a0\u00bb4.16&Prime; global_colors_info=\u00a0\u00bb{}\u00a0\u00bb][et_pb_text admin_label=\u00a0\u00bbV\u00e4lkommen\u00a0\u00bb _builder_version=\u00a0\u00bb4.16&Prime; header_2_text_align=\u00a0\u00bbcenter\u00a0\u00bb global_colors_info=\u00a0\u00bb{}\u00a0\u00bb]<\/p>\n<h2>Bienvenue !<\/h2>\n<p>[\/et_pb_text][et_pb_button button_url=\u00a0\u00bb@ET-DC@eyJkeW5hbWljIjp0cnVlLCJjb250ZW50IjoicG9zdF9saW5rX3VybF9wYWdlIiwic2V0dGluZ3MiOnsicG9zdF9pZCI6IjE0MCJ9fQ==@\u00a0\u00bb button_text=\u00a0\u00bbR\u00e9servation et prix\u00a0\u00bb button_alignment=\u00a0\u00bbcenter\u00a0\u00bb admin_label=\u00a0\u00bbBokning och priser\u00a0\u00bb _builder_version=\u00a0\u00bb4.20.2&Prime; _dynamic_attributes=\u00a0\u00bbbutton_url\u00a0\u00bb _module_preset=\u00a0\u00bbdefault\u00a0\u00bb custom_margin=\u00a0\u00bb25px|20%||20%|false|false\u00a0\u00bb custom_margin_tablet=\u00a0\u00bb25px|20%||20%|false|false\u00a0\u00bb custom_margin_phone=\u00a0\u00bb|0%||0%|false|false\u00a0\u00bb custom_margin_last_edited=\u00a0\u00bbon|phone\u00a0\u00bb global_colors_info=\u00a0\u00bb{}\u00a0\u00bb][\/et_pb_button][\/et_pb_column][\/et_pb_row][\/et_pb_section][et_pb_section fb_built=\u00a0\u00bb1&Prime; _builder_version=\u00a0\u00bb4.17.3&Prime; _module_preset=\u00a0\u00bbdefault\u00a0\u00bb custom_padding=\u00a0\u00bb0px||0px||false|false\u00a0\u00bb custom_padding_phone=\u00a0\u00bb0px||||false|false\u00a0\u00bb global_colors_info=\u00a0\u00bb{}\u00a0\u00bb][et_pb_row _builder_version=\u00a0\u00bb4.17.3&Prime; _module_preset=\u00a0\u00bbdefault\u00a0\u00bb width=\u00a0\u00bb100%\u00a0\u00bb max_width=\u00a0\u00bb100%\u00a0\u00bb global_colors_info=\u00a0\u00bb{}\u00a0\u00bb][et_pb_column type=\u00a0\u00bb4_4&Prime; _builder_version=\u00a0\u00bb4.16&Prime; _module_preset=\u00a0\u00bbdefault\u00a0\u00bb global_colors_info=\u00a0\u00bb{}\u00a0\u00bb][et_pb_text admin_label=\u00a0\u00bbF\u00f6lj oss\u00a0\u00bb _builder_version=\u00a0\u00bb4.20.2&Prime; _module_preset=\u00a0\u00bbdefault\u00a0\u00bb custom_margin=\u00a0\u00bb||1px|||\u00a0\u00bb link_option_url=\u00a0\u00bbhttps:\/\/www.instagram.com\/labellevueneffies\/\u00a0\u00bb link_option_url_new_window=\u00a0\u00bbon\u00a0\u00bb global_colors_info=\u00a0\u00bb{}\u00a0\u00bb]<\/p>\n<h3 style=\"text-align: center;\">Suivez-nous sur Instagram<\/h3>\n<p>[\/et_pb_text][et_pb_text admin_label=\u00a0\u00bbInstagram\u00a0\u00bb _builder_version=\u00a0\u00bb4.20.2&Prime; _module_preset=\u00a0\u00bbdefault\u00a0\u00bb custom_padding=\u00a0\u00bb||0px|||\u00a0\u00bb global_colors_info=\u00a0\u00bb{}\u00a0\u00bb]<\/p>\n\n<div id=\"sb_instagram\"  class=\"sbi sbi_mob_col_1 sbi_tab_col_3 sbi_col_4 sbi_width_resp sbi_palette_custom_1\" style=\"padding-bottom: 10px;\"\t data-feedid=\"*1\"  data-res=\"auto\" data-cols=\"4\" data-colsmobile=\"1\" data-colstablet=\"3\" data-num=\"8\" data-nummobile=\"6\" data-item-padding=\"5\"\t data-shortcode-atts=\"{&quot;feed&quot;:&quot;1&quot;}\"  data-postid=\"2076\" data-locatornonce=\"424df44a80\" data-imageaspectratio=\"1:1\" data-sbi-flags=\"favorLocal,gdpr\">\n\t\n\t<div id=\"sbi_images\"  style=\"gap: 10px;\">\n\t\t<div class=\"sbi_item sbi_type_carousel sbi_new sbi_transition\"\n\tid=\"sbi_18084153602604591\" data-date=\"1777102202\">\n\t<div class=\"sbi_photo_wrap\">\n\t\t<a class=\"sbi_photo\" href=\"https:\/\/www.instagram.com\/p\/DXi9vkLgssj\/\" target=\"_blank\" rel=\"noopener nofollow\" data-full-res=\"https:\/\/scontent-arn2-1.cdninstagram.com\/v\/t51.82787-15\/656194823_18544141708070419_2568204445527197528_n.jpg?stp=dst-jpg_e35_tt6&#038;_nc_cat=106&#038;ccb=7-5&#038;_nc_sid=18de74&#038;efg=eyJlZmdfdGFnIjoiQ0FST1VTRUxfSVRFTS5iZXN0X2ltYWdlX3VybGdlbi5DMyJ9&#038;_nc_ohc=ZOmHj3h2PnIQ7kNvwFnOyBb&#038;_nc_oc=AdogoJey2MAfJS3q71v6cwEhoCFZyRCWqENvbFzy2tXvOIkVqeFal4rUdvMfGe3Cx6I&#038;_nc_zt=23&#038;_nc_ht=scontent-arn2-1.cdninstagram.com&#038;edm=ANo9K5cEAAAA&#038;_nc_gid=hI8zvE9o8tUuoKDvq5X25Q&#038;_nc_tpa=Q5bMBQEOF_yGer2n79iv1yKjPy-UUoXjDBdVchxuSGoOg2BhbxMnh_j-zV-uiyrYsXkTLEi45H-v-9Gpng&#038;oh=00_Af0OONe8Tk24mqGx717qf94vNebivRgwGL1z1RnKl28P_Q&#038;oe=69F3C4AD\" data-img-src-set=\"{&quot;d&quot;:&quot;https:\\\/\\\/scontent-arn2-1.cdninstagram.com\\\/v\\\/t51.82787-15\\\/656194823_18544141708070419_2568204445527197528_n.jpg?stp=dst-jpg_e35_tt6&amp;_nc_cat=106&amp;ccb=7-5&amp;_nc_sid=18de74&amp;efg=eyJlZmdfdGFnIjoiQ0FST1VTRUxfSVRFTS5iZXN0X2ltYWdlX3VybGdlbi5DMyJ9&amp;_nc_ohc=ZOmHj3h2PnIQ7kNvwFnOyBb&amp;_nc_oc=AdogoJey2MAfJS3q71v6cwEhoCFZyRCWqENvbFzy2tXvOIkVqeFal4rUdvMfGe3Cx6I&amp;_nc_zt=23&amp;_nc_ht=scontent-arn2-1.cdninstagram.com&amp;edm=ANo9K5cEAAAA&amp;_nc_gid=hI8zvE9o8tUuoKDvq5X25Q&amp;_nc_tpa=Q5bMBQEOF_yGer2n79iv1yKjPy-UUoXjDBdVchxuSGoOg2BhbxMnh_j-zV-uiyrYsXkTLEi45H-v-9Gpng&amp;oh=00_Af0OONe8Tk24mqGx717qf94vNebivRgwGL1z1RnKl28P_Q&amp;oe=69F3C4AD&quot;,&quot;150&quot;:&quot;https:\\\/\\\/scontent-arn2-1.cdninstagram.com\\\/v\\\/t51.82787-15\\\/656194823_18544141708070419_2568204445527197528_n.jpg?stp=dst-jpg_e35_tt6&amp;_nc_cat=106&amp;ccb=7-5&amp;_nc_sid=18de74&amp;efg=eyJlZmdfdGFnIjoiQ0FST1VTRUxfSVRFTS5iZXN0X2ltYWdlX3VybGdlbi5DMyJ9&amp;_nc_ohc=ZOmHj3h2PnIQ7kNvwFnOyBb&amp;_nc_oc=AdogoJey2MAfJS3q71v6cwEhoCFZyRCWqENvbFzy2tXvOIkVqeFal4rUdvMfGe3Cx6I&amp;_nc_zt=23&amp;_nc_ht=scontent-arn2-1.cdninstagram.com&amp;edm=ANo9K5cEAAAA&amp;_nc_gid=hI8zvE9o8tUuoKDvq5X25Q&amp;_nc_tpa=Q5bMBQEOF_yGer2n79iv1yKjPy-UUoXjDBdVchxuSGoOg2BhbxMnh_j-zV-uiyrYsXkTLEi45H-v-9Gpng&amp;oh=00_Af0OONe8Tk24mqGx717qf94vNebivRgwGL1z1RnKl28P_Q&amp;oe=69F3C4AD&quot;,&quot;320&quot;:&quot;https:\\\/\\\/scontent-arn2-1.cdninstagram.com\\\/v\\\/t51.82787-15\\\/656194823_18544141708070419_2568204445527197528_n.jpg?stp=dst-jpg_e35_tt6&amp;_nc_cat=106&amp;ccb=7-5&amp;_nc_sid=18de74&amp;efg=eyJlZmdfdGFnIjoiQ0FST1VTRUxfSVRFTS5iZXN0X2ltYWdlX3VybGdlbi5DMyJ9&amp;_nc_ohc=ZOmHj3h2PnIQ7kNvwFnOyBb&amp;_nc_oc=AdogoJey2MAfJS3q71v6cwEhoCFZyRCWqENvbFzy2tXvOIkVqeFal4rUdvMfGe3Cx6I&amp;_nc_zt=23&amp;_nc_ht=scontent-arn2-1.cdninstagram.com&amp;edm=ANo9K5cEAAAA&amp;_nc_gid=hI8zvE9o8tUuoKDvq5X25Q&amp;_nc_tpa=Q5bMBQEOF_yGer2n79iv1yKjPy-UUoXjDBdVchxuSGoOg2BhbxMnh_j-zV-uiyrYsXkTLEi45H-v-9Gpng&amp;oh=00_Af0OONe8Tk24mqGx717qf94vNebivRgwGL1z1RnKl28P_Q&amp;oe=69F3C4AD&quot;,&quot;640&quot;:&quot;https:\\\/\\\/scontent-arn2-1.cdninstagram.com\\\/v\\\/t51.82787-15\\\/656194823_18544141708070419_2568204445527197528_n.jpg?stp=dst-jpg_e35_tt6&amp;_nc_cat=106&amp;ccb=7-5&amp;_nc_sid=18de74&amp;efg=eyJlZmdfdGFnIjoiQ0FST1VTRUxfSVRFTS5iZXN0X2ltYWdlX3VybGdlbi5DMyJ9&amp;_nc_ohc=ZOmHj3h2PnIQ7kNvwFnOyBb&amp;_nc_oc=AdogoJey2MAfJS3q71v6cwEhoCFZyRCWqENvbFzy2tXvOIkVqeFal4rUdvMfGe3Cx6I&amp;_nc_zt=23&amp;_nc_ht=scontent-arn2-1.cdninstagram.com&amp;edm=ANo9K5cEAAAA&amp;_nc_gid=hI8zvE9o8tUuoKDvq5X25Q&amp;_nc_tpa=Q5bMBQEOF_yGer2n79iv1yKjPy-UUoXjDBdVchxuSGoOg2BhbxMnh_j-zV-uiyrYsXkTLEi45H-v-9Gpng&amp;oh=00_Af0OONe8Tk24mqGx717qf94vNebivRgwGL1z1RnKl28P_Q&amp;oe=69F3C4AD&quot;}\">\n\t\t\t<span class=\"sbi-screenreader\">Jag s\u00e5g en text h\u00e4romdagen om vad livet i Paris l\u00e4<\/span>\n\t\t\t<svg class=\"svg-inline--fa fa-clone fa-w-16 sbi_lightbox_carousel_icon\" aria-hidden=\"true\" aria-label=\"Clone\" data-fa-pro\u0192cessed=\"\" data-prefix=\"far\" data-icon=\"clone\" role=\"img\" xmlns=\"http:\/\/www.w3.org\/2000\/svg\" viewBox=\"0 0 512 512\">\n                    <path fill=\"currentColor\" d=\"M464 0H144c-26.51 0-48 21.49-48 48v48H48c-26.51 0-48 21.49-48 48v320c0 26.51 21.49 48 48 48h320c26.51 0 48-21.49 48-48v-48h48c26.51 0 48-21.49 48-48V48c0-26.51-21.49-48-48-48zM362 464H54a6 6 0 0 1-6-6V150a6 6 0 0 1 6-6h42v224c0 26.51 21.49 48 48 48h224v42a6 6 0 0 1-6 6zm96-96H150a6 6 0 0 1-6-6V54a6 6 0 0 1 6-6h308a6 6 0 0 1 6 6v308a6 6 0 0 1-6 6z\"><\/path>\n                <\/svg>\t\t\t\t\t\t<img decoding=\"async\" src=\"https:\/\/labellevue.se\/wp-content\/plugins\/instagram-feed\/img\/placeholder.png\" alt=\"Jag s\u00e5g en text h\u00e4romdagen om vad livet i Paris l\u00e4r en om att bli \u00e4ldre, och jag k\u00e4nde igen mig direkt \u2013 inte i Paris, utan h\u00e4r nere hos oss i v\u00e5r lilla by.\n\nAtt \u00e5ldras ser annorlunda ut h\u00e4r.\n\nDet \u00e4r inget man f\u00f6rs\u00f6ker d\u00f6lja eller skynda ifr\u00e5n. Det \u00e4r snarare n\u00e5got som f\u00e5r ta plats i samma takt som allt annat i livet. Kvinnorna jag m\u00f6ter p\u00e5 torget, hos bagaren eller p\u00e5 restaurangen kl\u00e4r sig inte f\u00f6r att se yngre ut, utan f\u00f6r att k\u00e4nna sig som sig sj\u00e4lva. Och det finns n\u00e5got v\u00e4ldigt vackert i just det.\n\nMan forts\u00e4tter g\u00e5 \u00f6verallt, handla sitt br\u00f6d, sitta kvar l\u00e4nge vid bordet och vara en del av samtalen.\n\nJag t\u00e4nker ofta p\u00e5 hur tydligt det m\u00e4rks att stil h\u00e4r inte handlar om trender utan om trygghet. Att ansikten f\u00e5r vara ansikten. Att uttryck f\u00e5r finnas kvar. Att man inte f\u00f6rsvinner bara f\u00f6r att man blir \u00e4ldre.\n\nH\u00e4r \u00e4r det n\u00e4stan som om livet l\u00e5ngsamt blir klarare med \u00e5ren ist\u00e4llet f\u00f6r tv\u00e4rtom.\n\nOch kanske \u00e4r det just det jag tycker mest om med att leva h\u00e4r.\n\nAtt ingen verkar ha s\u00e5 br\u00e5ttom att vara n\u00e5gon annan \u00e4n den de blivit.\" aria-hidden=\"true\">\n\t\t<\/a>\n\t<\/div>\n<\/div><div class=\"sbi_item sbi_type_carousel sbi_new sbi_transition\"\n\tid=\"sbi_18576878407049651\" data-date=\"1776925802\">\n\t<div class=\"sbi_photo_wrap\">\n\t\t<a class=\"sbi_photo\" href=\"https:\/\/www.instagram.com\/p\/DXdtPF5ggcS\/\" target=\"_blank\" rel=\"noopener nofollow\" data-full-res=\"https:\/\/scontent-arn2-1.cdninstagram.com\/v\/t51.82787-15\/670545654_18543857761070419_3947663325765918468_n.jpg?stp=dst-jpg_e35_tt6&#038;_nc_cat=108&#038;ccb=7-5&#038;_nc_sid=18de74&#038;efg=eyJlZmdfdGFnIjoiQ0FST1VTRUxfSVRFTS5iZXN0X2ltYWdlX3VybGdlbi5DMyJ9&#038;_nc_ohc=gjzYuz-sHGwQ7kNvwFrWusk&#038;_nc_oc=AdqIauvWwmWGbhDEO53VqwjIn5yV4W-zmRazgVlyJy6hKxnhyKRpqmjzyjp_23eZ-2M&#038;_nc_zt=23&#038;_nc_ht=scontent-arn2-1.cdninstagram.com&#038;edm=ANo9K5cEAAAA&#038;_nc_gid=hI8zvE9o8tUuoKDvq5X25Q&#038;_nc_tpa=Q5bMBQGPGTU1NP92VMe8oloJhapWfg--dz7frGdCZL5vBz5lcnSwihAJHGWIP0lHiR_JA8hjPTGC75cz6w&#038;oh=00_Af14hp3YZrmwt_13F5wbvWpT6pIFbBsN3vPguouNnQVhWw&#038;oe=69F3BE7C\" data-img-src-set=\"{&quot;d&quot;:&quot;https:\\\/\\\/scontent-arn2-1.cdninstagram.com\\\/v\\\/t51.82787-15\\\/670545654_18543857761070419_3947663325765918468_n.jpg?stp=dst-jpg_e35_tt6&amp;_nc_cat=108&amp;ccb=7-5&amp;_nc_sid=18de74&amp;efg=eyJlZmdfdGFnIjoiQ0FST1VTRUxfSVRFTS5iZXN0X2ltYWdlX3VybGdlbi5DMyJ9&amp;_nc_ohc=gjzYuz-sHGwQ7kNvwFrWusk&amp;_nc_oc=AdqIauvWwmWGbhDEO53VqwjIn5yV4W-zmRazgVlyJy6hKxnhyKRpqmjzyjp_23eZ-2M&amp;_nc_zt=23&amp;_nc_ht=scontent-arn2-1.cdninstagram.com&amp;edm=ANo9K5cEAAAA&amp;_nc_gid=hI8zvE9o8tUuoKDvq5X25Q&amp;_nc_tpa=Q5bMBQGPGTU1NP92VMe8oloJhapWfg--dz7frGdCZL5vBz5lcnSwihAJHGWIP0lHiR_JA8hjPTGC75cz6w&amp;oh=00_Af14hp3YZrmwt_13F5wbvWpT6pIFbBsN3vPguouNnQVhWw&amp;oe=69F3BE7C&quot;,&quot;150&quot;:&quot;https:\\\/\\\/scontent-arn2-1.cdninstagram.com\\\/v\\\/t51.82787-15\\\/670545654_18543857761070419_3947663325765918468_n.jpg?stp=dst-jpg_e35_tt6&amp;_nc_cat=108&amp;ccb=7-5&amp;_nc_sid=18de74&amp;efg=eyJlZmdfdGFnIjoiQ0FST1VTRUxfSVRFTS5iZXN0X2ltYWdlX3VybGdlbi5DMyJ9&amp;_nc_ohc=gjzYuz-sHGwQ7kNvwFrWusk&amp;_nc_oc=AdqIauvWwmWGbhDEO53VqwjIn5yV4W-zmRazgVlyJy6hKxnhyKRpqmjzyjp_23eZ-2M&amp;_nc_zt=23&amp;_nc_ht=scontent-arn2-1.cdninstagram.com&amp;edm=ANo9K5cEAAAA&amp;_nc_gid=hI8zvE9o8tUuoKDvq5X25Q&amp;_nc_tpa=Q5bMBQGPGTU1NP92VMe8oloJhapWfg--dz7frGdCZL5vBz5lcnSwihAJHGWIP0lHiR_JA8hjPTGC75cz6w&amp;oh=00_Af14hp3YZrmwt_13F5wbvWpT6pIFbBsN3vPguouNnQVhWw&amp;oe=69F3BE7C&quot;,&quot;320&quot;:&quot;https:\\\/\\\/scontent-arn2-1.cdninstagram.com\\\/v\\\/t51.82787-15\\\/670545654_18543857761070419_3947663325765918468_n.jpg?stp=dst-jpg_e35_tt6&amp;_nc_cat=108&amp;ccb=7-5&amp;_nc_sid=18de74&amp;efg=eyJlZmdfdGFnIjoiQ0FST1VTRUxfSVRFTS5iZXN0X2ltYWdlX3VybGdlbi5DMyJ9&amp;_nc_ohc=gjzYuz-sHGwQ7kNvwFrWusk&amp;_nc_oc=AdqIauvWwmWGbhDEO53VqwjIn5yV4W-zmRazgVlyJy6hKxnhyKRpqmjzyjp_23eZ-2M&amp;_nc_zt=23&amp;_nc_ht=scontent-arn2-1.cdninstagram.com&amp;edm=ANo9K5cEAAAA&amp;_nc_gid=hI8zvE9o8tUuoKDvq5X25Q&amp;_nc_tpa=Q5bMBQGPGTU1NP92VMe8oloJhapWfg--dz7frGdCZL5vBz5lcnSwihAJHGWIP0lHiR_JA8hjPTGC75cz6w&amp;oh=00_Af14hp3YZrmwt_13F5wbvWpT6pIFbBsN3vPguouNnQVhWw&amp;oe=69F3BE7C&quot;,&quot;640&quot;:&quot;https:\\\/\\\/scontent-arn2-1.cdninstagram.com\\\/v\\\/t51.82787-15\\\/670545654_18543857761070419_3947663325765918468_n.jpg?stp=dst-jpg_e35_tt6&amp;_nc_cat=108&amp;ccb=7-5&amp;_nc_sid=18de74&amp;efg=eyJlZmdfdGFnIjoiQ0FST1VTRUxfSVRFTS5iZXN0X2ltYWdlX3VybGdlbi5DMyJ9&amp;_nc_ohc=gjzYuz-sHGwQ7kNvwFrWusk&amp;_nc_oc=AdqIauvWwmWGbhDEO53VqwjIn5yV4W-zmRazgVlyJy6hKxnhyKRpqmjzyjp_23eZ-2M&amp;_nc_zt=23&amp;_nc_ht=scontent-arn2-1.cdninstagram.com&amp;edm=ANo9K5cEAAAA&amp;_nc_gid=hI8zvE9o8tUuoKDvq5X25Q&amp;_nc_tpa=Q5bMBQGPGTU1NP92VMe8oloJhapWfg--dz7frGdCZL5vBz5lcnSwihAJHGWIP0lHiR_JA8hjPTGC75cz6w&amp;oh=00_Af14hp3YZrmwt_13F5wbvWpT6pIFbBsN3vPguouNnQVhWw&amp;oe=69F3BE7C&quot;}\">\n\t\t\t<span class=\"sbi-screenreader\">Det \u00e4r precis s\u00e5 vi vill att livet h\u00e4r ska se ut.\n<\/span>\n\t\t\t<svg class=\"svg-inline--fa fa-clone fa-w-16 sbi_lightbox_carousel_icon\" aria-hidden=\"true\" aria-label=\"Clone\" data-fa-pro\u0192cessed=\"\" data-prefix=\"far\" data-icon=\"clone\" role=\"img\" xmlns=\"http:\/\/www.w3.org\/2000\/svg\" viewBox=\"0 0 512 512\">\n                    <path fill=\"currentColor\" d=\"M464 0H144c-26.51 0-48 21.49-48 48v48H48c-26.51 0-48 21.49-48 48v320c0 26.51 21.49 48 48 48h320c26.51 0 48-21.49 48-48v-48h48c26.51 0 48-21.49 48-48V48c0-26.51-21.49-48-48-48zM362 464H54a6 6 0 0 1-6-6V150a6 6 0 0 1 6-6h42v224c0 26.51 21.49 48 48 48h224v42a6 6 0 0 1-6 6zm96-96H150a6 6 0 0 1-6-6V54a6 6 0 0 1 6-6h308a6 6 0 0 1 6 6v308a6 6 0 0 1-6 6z\"><\/path>\n                <\/svg>\t\t\t\t\t\t<img decoding=\"async\" src=\"https:\/\/labellevue.se\/wp-content\/plugins\/instagram-feed\/img\/placeholder.png\" alt=\"Det \u00e4r precis s\u00e5 vi vill att livet h\u00e4r ska se ut.\n\nAtt huset ska kunna rymma b\u00e5de r\u00f6relse och vila, nyfikenhet och stillhet, gemenskap och egen tid. Att man ska kunna komma hit f\u00f6r vinets skull, f\u00f6r landskapet, f\u00f6r maten, f\u00f6r ljuset eller bara f\u00f6r att f\u00e5 n\u00e5gra dagar d\u00e4r tempot f\u00f6r\u00e4ndras n\u00e4stan av sig sj\u00e4lvt.\n\nUnder sommaren \u00e4r det kanske allra tydligast. D\u00e5 lever man mer ute \u00e4n inne. Frukosten flyttar ut p\u00e5 terrassen, d\u00f6rrarna st\u00e5r \u00f6ppna mot gatan och kv\u00e4llarna b\u00f6rjar s\u00e4llan f\u00f6re \u00e5tta eftersom v\u00e4rmen dr\u00f6jer sig kvar \u00f6ver taken. N\u00e5gon g\u00e5r ner till bageriet tidigt, n\u00e5gon annan tar en promenad genom vinf\u00e4lten innan solen blivit f\u00f6r stark och fram\u00e5t kv\u00e4llen sitter man kvar l\u00e4nge efter middagen d\u00e4rf\u00f6r att ingen riktigt vill att dagen ska ta slut.\n\nDet \u00e4r ofta d\u00e5 v\u00e5ra g\u00e4ster s\u00e4ger att de inte riktigt k\u00e4nner att de har varit p\u00e5 resa, utan snarare att de f\u00e5tt l\u00e5na ett liv h\u00e4r nere under n\u00e5gra dagar.\n\nOch det \u00e4r kanske just det som \u00e4r La Belle Vue. En plats man kommer till av olika sk\u00e4l, men l\u00e4mnar med samma k\u00e4nsla.\n.\nPs bilderna \u00e4r fr\u00e5n v\u00e5rt g\u00e4strum Florence\" aria-hidden=\"true\">\n\t\t<\/a>\n\t<\/div>\n<\/div><div class=\"sbi_item sbi_type_carousel sbi_new sbi_transition\"\n\tid=\"sbi_17861470263565428\" data-date=\"1776621609\">\n\t<div class=\"sbi_photo_wrap\">\n\t\t<a class=\"sbi_photo\" href=\"https:\/\/www.instagram.com\/p\/DXUpGNSiApZ\/\" target=\"_blank\" rel=\"noopener nofollow\" data-full-res=\"https:\/\/scontent-arn2-1.cdninstagram.com\/v\/t51.82787-15\/671176280_18542771875070419_8102271326201377232_n.jpg?stp=dst-jpg_e35_tt6&#038;_nc_cat=106&#038;ccb=7-5&#038;_nc_sid=18de74&#038;efg=eyJlZmdfdGFnIjoiQ0FST1VTRUxfSVRFTS5iZXN0X2ltYWdlX3VybGdlbi5DMyJ9&#038;_nc_ohc=7bN_05Cxo1EQ7kNvwHXi8b-&#038;_nc_oc=AdqSZvmf1P42fFueC6RyDT1ZEplMmovnwejlHFRyWNLu0jlAIpMFN8eIJH9KdC4gjJc&#038;_nc_zt=23&#038;_nc_ht=scontent-arn2-1.cdninstagram.com&#038;edm=ANo9K5cEAAAA&#038;_nc_gid=hI8zvE9o8tUuoKDvq5X25Q&#038;_nc_tpa=Q5bMBQEk8DoCA8kcmump_IZRag4Xf_PAx2gA4-dhwhecDHVMzYW1pNKEa3MhRjSGnXZdsyjFAd76ZLIn7Q&#038;oh=00_Af337nL45Jr4ZAxzBWqDJg7war94rS2XeGvdOM3wQuOPOA&#038;oe=69F3AEDB\" data-img-src-set=\"{&quot;d&quot;:&quot;https:\\\/\\\/scontent-arn2-1.cdninstagram.com\\\/v\\\/t51.82787-15\\\/671176280_18542771875070419_8102271326201377232_n.jpg?stp=dst-jpg_e35_tt6&amp;_nc_cat=106&amp;ccb=7-5&amp;_nc_sid=18de74&amp;efg=eyJlZmdfdGFnIjoiQ0FST1VTRUxfSVRFTS5iZXN0X2ltYWdlX3VybGdlbi5DMyJ9&amp;_nc_ohc=7bN_05Cxo1EQ7kNvwHXi8b-&amp;_nc_oc=AdqSZvmf1P42fFueC6RyDT1ZEplMmovnwejlHFRyWNLu0jlAIpMFN8eIJH9KdC4gjJc&amp;_nc_zt=23&amp;_nc_ht=scontent-arn2-1.cdninstagram.com&amp;edm=ANo9K5cEAAAA&amp;_nc_gid=hI8zvE9o8tUuoKDvq5X25Q&amp;_nc_tpa=Q5bMBQEk8DoCA8kcmump_IZRag4Xf_PAx2gA4-dhwhecDHVMzYW1pNKEa3MhRjSGnXZdsyjFAd76ZLIn7Q&amp;oh=00_Af337nL45Jr4ZAxzBWqDJg7war94rS2XeGvdOM3wQuOPOA&amp;oe=69F3AEDB&quot;,&quot;150&quot;:&quot;https:\\\/\\\/scontent-arn2-1.cdninstagram.com\\\/v\\\/t51.82787-15\\\/671176280_18542771875070419_8102271326201377232_n.jpg?stp=dst-jpg_e35_tt6&amp;_nc_cat=106&amp;ccb=7-5&amp;_nc_sid=18de74&amp;efg=eyJlZmdfdGFnIjoiQ0FST1VTRUxfSVRFTS5iZXN0X2ltYWdlX3VybGdlbi5DMyJ9&amp;_nc_ohc=7bN_05Cxo1EQ7kNvwHXi8b-&amp;_nc_oc=AdqSZvmf1P42fFueC6RyDT1ZEplMmovnwejlHFRyWNLu0jlAIpMFN8eIJH9KdC4gjJc&amp;_nc_zt=23&amp;_nc_ht=scontent-arn2-1.cdninstagram.com&amp;edm=ANo9K5cEAAAA&amp;_nc_gid=hI8zvE9o8tUuoKDvq5X25Q&amp;_nc_tpa=Q5bMBQEk8DoCA8kcmump_IZRag4Xf_PAx2gA4-dhwhecDHVMzYW1pNKEa3MhRjSGnXZdsyjFAd76ZLIn7Q&amp;oh=00_Af337nL45Jr4ZAxzBWqDJg7war94rS2XeGvdOM3wQuOPOA&amp;oe=69F3AEDB&quot;,&quot;320&quot;:&quot;https:\\\/\\\/scontent-arn2-1.cdninstagram.com\\\/v\\\/t51.82787-15\\\/671176280_18542771875070419_8102271326201377232_n.jpg?stp=dst-jpg_e35_tt6&amp;_nc_cat=106&amp;ccb=7-5&amp;_nc_sid=18de74&amp;efg=eyJlZmdfdGFnIjoiQ0FST1VTRUxfSVRFTS5iZXN0X2ltYWdlX3VybGdlbi5DMyJ9&amp;_nc_ohc=7bN_05Cxo1EQ7kNvwHXi8b-&amp;_nc_oc=AdqSZvmf1P42fFueC6RyDT1ZEplMmovnwejlHFRyWNLu0jlAIpMFN8eIJH9KdC4gjJc&amp;_nc_zt=23&amp;_nc_ht=scontent-arn2-1.cdninstagram.com&amp;edm=ANo9K5cEAAAA&amp;_nc_gid=hI8zvE9o8tUuoKDvq5X25Q&amp;_nc_tpa=Q5bMBQEk8DoCA8kcmump_IZRag4Xf_PAx2gA4-dhwhecDHVMzYW1pNKEa3MhRjSGnXZdsyjFAd76ZLIn7Q&amp;oh=00_Af337nL45Jr4ZAxzBWqDJg7war94rS2XeGvdOM3wQuOPOA&amp;oe=69F3AEDB&quot;,&quot;640&quot;:&quot;https:\\\/\\\/scontent-arn2-1.cdninstagram.com\\\/v\\\/t51.82787-15\\\/671176280_18542771875070419_8102271326201377232_n.jpg?stp=dst-jpg_e35_tt6&amp;_nc_cat=106&amp;ccb=7-5&amp;_nc_sid=18de74&amp;efg=eyJlZmdfdGFnIjoiQ0FST1VTRUxfSVRFTS5iZXN0X2ltYWdlX3VybGdlbi5DMyJ9&amp;_nc_ohc=7bN_05Cxo1EQ7kNvwHXi8b-&amp;_nc_oc=AdqSZvmf1P42fFueC6RyDT1ZEplMmovnwejlHFRyWNLu0jlAIpMFN8eIJH9KdC4gjJc&amp;_nc_zt=23&amp;_nc_ht=scontent-arn2-1.cdninstagram.com&amp;edm=ANo9K5cEAAAA&amp;_nc_gid=hI8zvE9o8tUuoKDvq5X25Q&amp;_nc_tpa=Q5bMBQEk8DoCA8kcmump_IZRag4Xf_PAx2gA4-dhwhecDHVMzYW1pNKEa3MhRjSGnXZdsyjFAd76ZLIn7Q&amp;oh=00_Af337nL45Jr4ZAxzBWqDJg7war94rS2XeGvdOM3wQuOPOA&amp;oe=69F3AEDB&quot;}\">\n\t\t\t<span class=\"sbi-screenreader\">Det h\u00e4nder ibland att n\u00e5gon fr\u00e5gar oss hur v\u00e5ra vi<\/span>\n\t\t\t<svg class=\"svg-inline--fa fa-clone fa-w-16 sbi_lightbox_carousel_icon\" aria-hidden=\"true\" aria-label=\"Clone\" data-fa-pro\u0192cessed=\"\" data-prefix=\"far\" data-icon=\"clone\" role=\"img\" xmlns=\"http:\/\/www.w3.org\/2000\/svg\" viewBox=\"0 0 512 512\">\n                    <path fill=\"currentColor\" d=\"M464 0H144c-26.51 0-48 21.49-48 48v48H48c-26.51 0-48 21.49-48 48v320c0 26.51 21.49 48 48 48h320c26.51 0 48-21.49 48-48v-48h48c26.51 0 48-21.49 48-48V48c0-26.51-21.49-48-48-48zM362 464H54a6 6 0 0 1-6-6V150a6 6 0 0 1 6-6h42v224c0 26.51 21.49 48 48 48h224v42a6 6 0 0 1-6 6zm96-96H150a6 6 0 0 1-6-6V54a6 6 0 0 1 6-6h308a6 6 0 0 1 6 6v308a6 6 0 0 1-6 6z\"><\/path>\n                <\/svg>\t\t\t\t\t\t<img decoding=\"async\" src=\"https:\/\/labellevue.se\/wp-content\/plugins\/instagram-feed\/img\/placeholder.png\" alt=\"Det h\u00e4nder ibland att n\u00e5gon fr\u00e5gar oss hur v\u00e5ra vinresor egentligen g\u00e5r till och jag m\u00e4rker att det \u00e4r lite sv\u00e5rt att svara kort p\u00e5 den fr\u00e5gan eftersom det vi g\u00f6r inte riktigt liknar det man kanske f\u00f6rst t\u00e4nker p\u00e5 n\u00e4r man h\u00f6r ordet vinresa. \n\nF\u00f6r oss handlar det inte om att \u00e5ka mellan olika ving\u00e5rdar enligt ett schema eller om att samla provningar efter varandra under n\u00e5gra intensiva dagar, utan snarare om att f\u00e5 komma in i ett sammanhang som redan finns h\u00e4r och som har vuxit fram under m\u00e5nga \u00e5r.\n\nN\u00e4r man reser hit bor man hos oss, i huset och i byn d\u00e4r vi sj\u00e4lva lever v\u00e5r vardag, och ganska snart m\u00e4rker man att dagarna f\u00e5r en annan rytm \u00e4n den man \u00e4r van vid hemifr\u00e5n.\n\nN\u00e4r vi bes\u00f6ker vinmakare \u00e4r det m\u00e4nniskor vi har arbetat tillsammans med l\u00e4nge, som vi har f\u00f6ljt genom \u00e5rg\u00e5ngar, genom f\u00f6r\u00e4ndringar i ving\u00e5rden och genom alla de beslut som formar ett vin \u00f6ver tid. D\u00e4rf\u00f6r blir m\u00f6tena n\u00e5got annat \u00e4n ett vanligt bes\u00f6k. Mellan ving\u00e5rdarna ryms allt det d\u00e4r som \u00e4r sv\u00e5rare att planera men som samtidigt \u00e4r det som ger platsen sitt djup. En f\u00f6rmiddag p\u00e5 marknaden i P\u00e9zenas, ett stopp hos v\u00e5r getostbonde eller en middag i byn d\u00e4r kv\u00e4llen f\u00e5r ta den tid den beh\u00f6ver d\u00e4rf\u00f6r att ingen egentligen har br\u00e5ttom d\u00e4rifr\u00e5n.\n\nDet \u00e4r ocks\u00e5 d\u00e4rf\u00f6r v\u00e5ra resor alltid h\u00e5lls sm\u00e5 och i ett format d\u00e4r man hinner l\u00e4ra k\u00e4nna b\u00e5de platsen och m\u00e4nniskorna, eftersom det h\u00e4r s\u00e4ttet att resa bygger p\u00e5 relationer snarare \u00e4n p\u00e5 program och p\u00e5 n\u00e4rvaro snarare \u00e4n tempo. Just d\u00e4rf\u00f6r brukar m\u00e5nga som reser med oss s\u00e4ga att det inte k\u00e4nns som att de har varit p\u00e5 en organiserad resa, utan snarare som att de under n\u00e5gra dagar har f\u00e5tt kliva in i ett liv h\u00e4r nere och f\u00f6lja det fr\u00e5n insidan.\n\nD\u00e4rf\u00f6r brukar vi ocks\u00e5 s\u00e4ga att det h\u00e4r egentligen inte bara \u00e4r vinresor, utan vin- och livsnjutarresor, eftersom vinet hos oss aldrig st\u00e5r ensamt, det handlar lika mycket om morgnarna p\u00e5 terrassen, om marknaden i P\u00e9zenas, om ostarna fr\u00e5n v\u00e5ra egna producenter och om middagarna i byn d\u00e4r samtalen forts\u00e4tter l\u00e5ngt efter att glasen egentligen borde vara tomma, som om sj\u00e4lva m\u00f6tet med vinmakarna.\n\nDet \u00e4r det vi f\u00f6r\u00e4lskade oss i n\u00e4r vi flyttade hit och det \u00e4r det vi vill dela vidare varje g\u00e5ng n\u00e5gon reser hit till oss.\" aria-hidden=\"true\">\n\t\t<\/a>\n\t<\/div>\n<\/div><div class=\"sbi_item sbi_type_video sbi_new sbi_transition\"\n\tid=\"sbi_18054850562724372\" data-date=\"1776322665\">\n\t<div class=\"sbi_photo_wrap\">\n\t\t<a class=\"sbi_photo\" href=\"https:\/\/www.instagram.com\/reel\/DXLuiRECErL\/\" target=\"_blank\" rel=\"noopener nofollow\" data-full-res=\"https:\/\/scontent-arn2-1.cdninstagram.com\/v\/t51.71878-15\/670887046_1790732401886554_6533509595028532446_n.jpg?stp=dst-jpg_e35_tt6&#038;_nc_cat=104&#038;ccb=7-5&#038;_nc_sid=18de74&#038;efg=eyJlZmdfdGFnIjoiQ0xJUFMuYmVzdF9pbWFnZV91cmxnZW4uQzMifQ%3D%3D&#038;_nc_ohc=ELMtCZix5igQ7kNvwEeGGd8&#038;_nc_oc=Adp77Ml5w4fwIptt58edVZYHkrySjocDX1IyvBG1cUd2hC9rehUPFmawWU0JJMVQlOE&#038;_nc_zt=23&#038;_nc_ht=scontent-arn2-1.cdninstagram.com&#038;edm=ANo9K5cEAAAA&#038;_nc_gid=hI8zvE9o8tUuoKDvq5X25Q&#038;_nc_tpa=Q5bMBQF0_0mOMNe45sFUZqOFG_wJKlkm99Afly5VQjAHZh-5ItsXJSZTI-H1Hr--cdmJqjyLS5WrwJuUQg&#038;oh=00_Af0ZRHHMA5SKdQn7ykAuMDVTY08OuVCRJxdGNL2FCQs2Pg&#038;oe=69F3C6F6\" data-img-src-set=\"{&quot;d&quot;:&quot;https:\\\/\\\/scontent-arn2-1.cdninstagram.com\\\/v\\\/t51.71878-15\\\/670887046_1790732401886554_6533509595028532446_n.jpg?stp=dst-jpg_e35_tt6&amp;_nc_cat=104&amp;ccb=7-5&amp;_nc_sid=18de74&amp;efg=eyJlZmdfdGFnIjoiQ0xJUFMuYmVzdF9pbWFnZV91cmxnZW4uQzMifQ%3D%3D&amp;_nc_ohc=ELMtCZix5igQ7kNvwEeGGd8&amp;_nc_oc=Adp77Ml5w4fwIptt58edVZYHkrySjocDX1IyvBG1cUd2hC9rehUPFmawWU0JJMVQlOE&amp;_nc_zt=23&amp;_nc_ht=scontent-arn2-1.cdninstagram.com&amp;edm=ANo9K5cEAAAA&amp;_nc_gid=hI8zvE9o8tUuoKDvq5X25Q&amp;_nc_tpa=Q5bMBQF0_0mOMNe45sFUZqOFG_wJKlkm99Afly5VQjAHZh-5ItsXJSZTI-H1Hr--cdmJqjyLS5WrwJuUQg&amp;oh=00_Af0ZRHHMA5SKdQn7ykAuMDVTY08OuVCRJxdGNL2FCQs2Pg&amp;oe=69F3C6F6&quot;,&quot;150&quot;:&quot;https:\\\/\\\/scontent-arn2-1.cdninstagram.com\\\/v\\\/t51.71878-15\\\/670887046_1790732401886554_6533509595028532446_n.jpg?stp=dst-jpg_e35_tt6&amp;_nc_cat=104&amp;ccb=7-5&amp;_nc_sid=18de74&amp;efg=eyJlZmdfdGFnIjoiQ0xJUFMuYmVzdF9pbWFnZV91cmxnZW4uQzMifQ%3D%3D&amp;_nc_ohc=ELMtCZix5igQ7kNvwEeGGd8&amp;_nc_oc=Adp77Ml5w4fwIptt58edVZYHkrySjocDX1IyvBG1cUd2hC9rehUPFmawWU0JJMVQlOE&amp;_nc_zt=23&amp;_nc_ht=scontent-arn2-1.cdninstagram.com&amp;edm=ANo9K5cEAAAA&amp;_nc_gid=hI8zvE9o8tUuoKDvq5X25Q&amp;_nc_tpa=Q5bMBQF0_0mOMNe45sFUZqOFG_wJKlkm99Afly5VQjAHZh-5ItsXJSZTI-H1Hr--cdmJqjyLS5WrwJuUQg&amp;oh=00_Af0ZRHHMA5SKdQn7ykAuMDVTY08OuVCRJxdGNL2FCQs2Pg&amp;oe=69F3C6F6&quot;,&quot;320&quot;:&quot;https:\\\/\\\/scontent-arn2-1.cdninstagram.com\\\/v\\\/t51.71878-15\\\/670887046_1790732401886554_6533509595028532446_n.jpg?stp=dst-jpg_e35_tt6&amp;_nc_cat=104&amp;ccb=7-5&amp;_nc_sid=18de74&amp;efg=eyJlZmdfdGFnIjoiQ0xJUFMuYmVzdF9pbWFnZV91cmxnZW4uQzMifQ%3D%3D&amp;_nc_ohc=ELMtCZix5igQ7kNvwEeGGd8&amp;_nc_oc=Adp77Ml5w4fwIptt58edVZYHkrySjocDX1IyvBG1cUd2hC9rehUPFmawWU0JJMVQlOE&amp;_nc_zt=23&amp;_nc_ht=scontent-arn2-1.cdninstagram.com&amp;edm=ANo9K5cEAAAA&amp;_nc_gid=hI8zvE9o8tUuoKDvq5X25Q&amp;_nc_tpa=Q5bMBQF0_0mOMNe45sFUZqOFG_wJKlkm99Afly5VQjAHZh-5ItsXJSZTI-H1Hr--cdmJqjyLS5WrwJuUQg&amp;oh=00_Af0ZRHHMA5SKdQn7ykAuMDVTY08OuVCRJxdGNL2FCQs2Pg&amp;oe=69F3C6F6&quot;,&quot;640&quot;:&quot;https:\\\/\\\/scontent-arn2-1.cdninstagram.com\\\/v\\\/t51.71878-15\\\/670887046_1790732401886554_6533509595028532446_n.jpg?stp=dst-jpg_e35_tt6&amp;_nc_cat=104&amp;ccb=7-5&amp;_nc_sid=18de74&amp;efg=eyJlZmdfdGFnIjoiQ0xJUFMuYmVzdF9pbWFnZV91cmxnZW4uQzMifQ%3D%3D&amp;_nc_ohc=ELMtCZix5igQ7kNvwEeGGd8&amp;_nc_oc=Adp77Ml5w4fwIptt58edVZYHkrySjocDX1IyvBG1cUd2hC9rehUPFmawWU0JJMVQlOE&amp;_nc_zt=23&amp;_nc_ht=scontent-arn2-1.cdninstagram.com&amp;edm=ANo9K5cEAAAA&amp;_nc_gid=hI8zvE9o8tUuoKDvq5X25Q&amp;_nc_tpa=Q5bMBQF0_0mOMNe45sFUZqOFG_wJKlkm99Afly5VQjAHZh-5ItsXJSZTI-H1Hr--cdmJqjyLS5WrwJuUQg&amp;oh=00_Af0ZRHHMA5SKdQn7ykAuMDVTY08OuVCRJxdGNL2FCQs2Pg&amp;oe=69F3C6F6&quot;}\">\n\t\t\t<span class=\"sbi-screenreader\">V\u00e4lkommen till La Belle Vue\nett hus f\u00f6r samtal, vi<\/span>\n\t\t\t\t\t\t<svg style=\"color: rgba(255,255,255,1)\" class=\"svg-inline--fa fa-play fa-w-14 sbi_playbtn\" aria-label=\"Play\" aria-hidden=\"true\" data-fa-processed=\"\" data-prefix=\"fa\" data-icon=\"play\" role=\"presentation\" xmlns=\"http:\/\/www.w3.org\/2000\/svg\" viewBox=\"0 0 448 512\"><path fill=\"currentColor\" d=\"M424.4 214.7L72.4 6.6C43.8-10.3 0 6.1 0 47.9V464c0 37.5 40.7 60.1 72.4 41.3l352-208c31.4-18.5 31.5-64.1 0-82.6z\"><\/path><\/svg>\t\t\t<img decoding=\"async\" src=\"https:\/\/labellevue.se\/wp-content\/plugins\/instagram-feed\/img\/placeholder.png\" alt=\"V\u00e4lkommen till La Belle Vue\nett hus f\u00f6r samtal, vin, ljus och l\u00e5ngsamma morgnar i s\u00f6dra Frankrike.\n\nVi har n\u00e5gra rum kvar i sommar!\" aria-hidden=\"true\">\n\t\t<\/a>\n\t<\/div>\n<\/div><div class=\"sbi_item sbi_type_carousel sbi_new sbi_transition\"\n\tid=\"sbi_18039836771784673\" data-date=\"1776250791\">\n\t<div class=\"sbi_photo_wrap\">\n\t\t<a class=\"sbi_photo\" href=\"https:\/\/www.instagram.com\/p\/DXJlwe1CFPz\/\" target=\"_blank\" rel=\"noopener nofollow\" data-full-res=\"https:\/\/scontent-arn2-1.cdninstagram.com\/v\/t51.82787-15\/670304162_18542343181070419_5443204679306408713_n.jpg?stp=dst-jpg_e35_tt6&#038;_nc_cat=109&#038;ccb=7-5&#038;_nc_sid=18de74&#038;efg=eyJlZmdfdGFnIjoiQ0FST1VTRUxfSVRFTS5iZXN0X2ltYWdlX3VybGdlbi5DMyJ9&#038;_nc_ohc=jQ_KlJIP_gQQ7kNvwGqF752&#038;_nc_oc=Ado0L5MXhZqnXmHlxxjpvgHlu0PG_30Vo9DICLxfreSCgVLkUH3UPcvGksRpV72hscM&#038;_nc_zt=23&#038;_nc_ht=scontent-arn2-1.cdninstagram.com&#038;edm=ANo9K5cEAAAA&#038;_nc_gid=hI8zvE9o8tUuoKDvq5X25Q&#038;_nc_tpa=Q5bMBQE52pEaliBak9oJ0Le2fWhgI5P04StZJhJ8-tHvsSYkcfUcigFxEbEycn-AtBpXMplXPEJOpibcQw&#038;oh=00_Af0iWxlfTUoXGvAh8ZSkA5b_UMLwOQYvVpM2hzrEqEjMmA&#038;oe=69F3BC7B\" data-img-src-set=\"{&quot;d&quot;:&quot;https:\\\/\\\/scontent-arn2-1.cdninstagram.com\\\/v\\\/t51.82787-15\\\/670304162_18542343181070419_5443204679306408713_n.jpg?stp=dst-jpg_e35_tt6&amp;_nc_cat=109&amp;ccb=7-5&amp;_nc_sid=18de74&amp;efg=eyJlZmdfdGFnIjoiQ0FST1VTRUxfSVRFTS5iZXN0X2ltYWdlX3VybGdlbi5DMyJ9&amp;_nc_ohc=jQ_KlJIP_gQQ7kNvwGqF752&amp;_nc_oc=Ado0L5MXhZqnXmHlxxjpvgHlu0PG_30Vo9DICLxfreSCgVLkUH3UPcvGksRpV72hscM&amp;_nc_zt=23&amp;_nc_ht=scontent-arn2-1.cdninstagram.com&amp;edm=ANo9K5cEAAAA&amp;_nc_gid=hI8zvE9o8tUuoKDvq5X25Q&amp;_nc_tpa=Q5bMBQE52pEaliBak9oJ0Le2fWhgI5P04StZJhJ8-tHvsSYkcfUcigFxEbEycn-AtBpXMplXPEJOpibcQw&amp;oh=00_Af0iWxlfTUoXGvAh8ZSkA5b_UMLwOQYvVpM2hzrEqEjMmA&amp;oe=69F3BC7B&quot;,&quot;150&quot;:&quot;https:\\\/\\\/scontent-arn2-1.cdninstagram.com\\\/v\\\/t51.82787-15\\\/670304162_18542343181070419_5443204679306408713_n.jpg?stp=dst-jpg_e35_tt6&amp;_nc_cat=109&amp;ccb=7-5&amp;_nc_sid=18de74&amp;efg=eyJlZmdfdGFnIjoiQ0FST1VTRUxfSVRFTS5iZXN0X2ltYWdlX3VybGdlbi5DMyJ9&amp;_nc_ohc=jQ_KlJIP_gQQ7kNvwGqF752&amp;_nc_oc=Ado0L5MXhZqnXmHlxxjpvgHlu0PG_30Vo9DICLxfreSCgVLkUH3UPcvGksRpV72hscM&amp;_nc_zt=23&amp;_nc_ht=scontent-arn2-1.cdninstagram.com&amp;edm=ANo9K5cEAAAA&amp;_nc_gid=hI8zvE9o8tUuoKDvq5X25Q&amp;_nc_tpa=Q5bMBQE52pEaliBak9oJ0Le2fWhgI5P04StZJhJ8-tHvsSYkcfUcigFxEbEycn-AtBpXMplXPEJOpibcQw&amp;oh=00_Af0iWxlfTUoXGvAh8ZSkA5b_UMLwOQYvVpM2hzrEqEjMmA&amp;oe=69F3BC7B&quot;,&quot;320&quot;:&quot;https:\\\/\\\/scontent-arn2-1.cdninstagram.com\\\/v\\\/t51.82787-15\\\/670304162_18542343181070419_5443204679306408713_n.jpg?stp=dst-jpg_e35_tt6&amp;_nc_cat=109&amp;ccb=7-5&amp;_nc_sid=18de74&amp;efg=eyJlZmdfdGFnIjoiQ0FST1VTRUxfSVRFTS5iZXN0X2ltYWdlX3VybGdlbi5DMyJ9&amp;_nc_ohc=jQ_KlJIP_gQQ7kNvwGqF752&amp;_nc_oc=Ado0L5MXhZqnXmHlxxjpvgHlu0PG_30Vo9DICLxfreSCgVLkUH3UPcvGksRpV72hscM&amp;_nc_zt=23&amp;_nc_ht=scontent-arn2-1.cdninstagram.com&amp;edm=ANo9K5cEAAAA&amp;_nc_gid=hI8zvE9o8tUuoKDvq5X25Q&amp;_nc_tpa=Q5bMBQE52pEaliBak9oJ0Le2fWhgI5P04StZJhJ8-tHvsSYkcfUcigFxEbEycn-AtBpXMplXPEJOpibcQw&amp;oh=00_Af0iWxlfTUoXGvAh8ZSkA5b_UMLwOQYvVpM2hzrEqEjMmA&amp;oe=69F3BC7B&quot;,&quot;640&quot;:&quot;https:\\\/\\\/scontent-arn2-1.cdninstagram.com\\\/v\\\/t51.82787-15\\\/670304162_18542343181070419_5443204679306408713_n.jpg?stp=dst-jpg_e35_tt6&amp;_nc_cat=109&amp;ccb=7-5&amp;_nc_sid=18de74&amp;efg=eyJlZmdfdGFnIjoiQ0FST1VTRUxfSVRFTS5iZXN0X2ltYWdlX3VybGdlbi5DMyJ9&amp;_nc_ohc=jQ_KlJIP_gQQ7kNvwGqF752&amp;_nc_oc=Ado0L5MXhZqnXmHlxxjpvgHlu0PG_30Vo9DICLxfreSCgVLkUH3UPcvGksRpV72hscM&amp;_nc_zt=23&amp;_nc_ht=scontent-arn2-1.cdninstagram.com&amp;edm=ANo9K5cEAAAA&amp;_nc_gid=hI8zvE9o8tUuoKDvq5X25Q&amp;_nc_tpa=Q5bMBQE52pEaliBak9oJ0Le2fWhgI5P04StZJhJ8-tHvsSYkcfUcigFxEbEycn-AtBpXMplXPEJOpibcQw&amp;oh=00_Af0iWxlfTUoXGvAh8ZSkA5b_UMLwOQYvVpM2hzrEqEjMmA&amp;oe=69F3BC7B&quot;}\">\n\t\t\t<span class=\"sbi-screenreader\">S\u00e4songen \u00e4r i full fart!\n\nNu \u00e4r vi \u00e4ntligen ig\u00e5ng <\/span>\n\t\t\t<svg class=\"svg-inline--fa fa-clone fa-w-16 sbi_lightbox_carousel_icon\" aria-hidden=\"true\" aria-label=\"Clone\" data-fa-pro\u0192cessed=\"\" data-prefix=\"far\" data-icon=\"clone\" role=\"img\" xmlns=\"http:\/\/www.w3.org\/2000\/svg\" viewBox=\"0 0 512 512\">\n                    <path fill=\"currentColor\" d=\"M464 0H144c-26.51 0-48 21.49-48 48v48H48c-26.51 0-48 21.49-48 48v320c0 26.51 21.49 48 48 48h320c26.51 0 48-21.49 48-48v-48h48c26.51 0 48-21.49 48-48V48c0-26.51-21.49-48-48-48zM362 464H54a6 6 0 0 1-6-6V150a6 6 0 0 1 6-6h42v224c0 26.51 21.49 48 48 48h224v42a6 6 0 0 1-6 6zm96-96H150a6 6 0 0 1-6-6V54a6 6 0 0 1 6-6h308a6 6 0 0 1 6 6v308a6 6 0 0 1-6 6z\"><\/path>\n                <\/svg>\t\t\t\t\t\t<img decoding=\"async\" src=\"https:\/\/labellevue.se\/wp-content\/plugins\/instagram-feed\/img\/placeholder.png\" alt=\"S\u00e4songen \u00e4r i full fart!\n\nNu \u00e4r vi \u00e4ntligen ig\u00e5ng p\u00e5 v\u00e5r 12:e s\u00e4song. \n\nVi har precis vinkat farv\u00e4l till ett underbart g\u00e4ng som firat en 50-\u00e5rsdag h\u00e4r hos oss. Mysigt att f\u00e5 h\u00e4nga med hela g\u00e4nget f\u00f6r att fira jubilaren. F\u00f6delsedagsbarnet har f\u00e5tt \u00f6nska inneh\u00e5ll dagarna och hur hon vill att hennes g\u00e4ster skall tas emot och uppleva h\u00e4r. Vi kommer dessutom att bes\u00f6ka deras v\u00e4rdshus n\u00e4r vi \u00e4r hemma i Stockholm, s\u00e5 det k\u00e4nns kul att f\u00e5 nya kontakter och v\u00e4nner. \n\nNu \u00e4r vi mitt i en vin- och livsnjutarresa som g\u00e5r av stapeln h\u00e4r hos oss. Vi far mellan ving\u00e5rdar, marknader, saluhallar, restauranger och middagar h\u00e4r hemma hos oss. Det \u00e4r s\u00e5 himla kul att f\u00e5 dela med oss och visa upp det b\u00e4sta vi har h\u00e4r nere i Languedoc. Dessutom till v\u00e5r hj\u00e4lp under dessa resor i v\u00e5r har vi b\u00e4sta sommelier Simone som till vardags arbetar i vinbarer i Stockholm. Lyxigt f\u00f6r b\u00e5de oss och v\u00e5ra g\u00e4ster att f\u00e5 ta del av hennes erfarenhet och kunskap. \n\nG\u00e4nget f\u00e5r prova en m\u00e4ngd olika viner b\u00e5de h\u00e4r hemma och tillsammans med vinmakaren sj\u00e4lv p\u00e5 v\u00e5ra ving\u00e5rdar. I \u00e5r har vi lagt till en helt ny ving\u00e5rd s\u00e5 detta g\u00e4ng blir dem som tillsammans med oss kommer att v\u00e4lja ut vilka viner som vi skall ta in p\u00e5 Le Bon Vin. Ja, ni vet ju att ni kan best\u00e4lla hem v\u00e5ra viner till er ytterd\u00f6rr. \n\nJa, ni ser ju. La Belle Vue \u00e4r som ett litet universum d\u00e4r b\u00e5de vi och v\u00e5ra g\u00e4ster tr\u00e4ffas och utbyter erfarenheter, upplevelser och nya v\u00e4nskapsband knyts. Det \u00e4r s\u00e5 mycket som h\u00e4nder h\u00e4r som jag aldrig kunnat dr\u00f6mma om n\u00e4r vi startade La Belle Vue. \n\nDet \u00e4r underbart att h\u00f6ra g\u00e4sternas skratt och klingande glas igen i huset. \u00c4ven om det \u00e4r sk\u00f6nt att f\u00e5 vila lite under vinterm\u00e5naderna \u00e4r det lika h\u00e4rligt varje \u00e5r n\u00e4r vi sl\u00e5r upp portarna. Det \u00e4r som om huset f\u00e5r liv igen och det k\u00e4nns som om Madame och Monsieur Beaulac, vinfamiljen som \u00e4gt v\u00e5rt hus i generationer, ler lite extra fr\u00e5n himmelen.\" aria-hidden=\"true\">\n\t\t<\/a>\n\t<\/div>\n<\/div><div class=\"sbi_item sbi_type_video sbi_new sbi_transition\"\n\tid=\"sbi_18061809278403528\" data-date=\"1775985422\">\n\t<div class=\"sbi_photo_wrap\">\n\t\t<a class=\"sbi_photo\" href=\"https:\/\/www.instagram.com\/reel\/DXBrgzDCEvx\/\" target=\"_blank\" rel=\"noopener nofollow\" data-full-res=\"https:\/\/scontent-arn2-1.cdninstagram.com\/v\/t51.82787-15\/670134822_18541836268070419_3682733134503226308_n.jpg?stp=dst-jpg_e35_tt6&#038;_nc_cat=107&#038;ccb=7-5&#038;_nc_sid=18de74&#038;efg=eyJlZmdfdGFnIjoiQ0xJUFMuYmVzdF9pbWFnZV91cmxnZW4uQzMifQ%3D%3D&#038;_nc_ohc=T_N9QiUQhRwQ7kNvwFuBgQs&#038;_nc_oc=AdoRyD3Cp1uqpaWZz5Q7GNwoGc8ibXd5pB63ktaViLqeeFYdyIDYLm98Eg3lluVuN5k&#038;_nc_zt=23&#038;_nc_ht=scontent-arn2-1.cdninstagram.com&#038;edm=ANo9K5cEAAAA&#038;_nc_gid=hI8zvE9o8tUuoKDvq5X25Q&#038;_nc_tpa=Q5bMBQHL2Zi5nlrwhZ5RDBS9mdhsPt6XO4f6AycddQDQYnsVKBcEfHuGlLoi9p3hwko3TxGrZk-pHJ1DKQ&#038;oh=00_Af1-30fEWj2JfvIYFteMbLGqaqVluzbLD3HWOoxpPzBE6A&#038;oe=69F3B020\" data-img-src-set=\"{&quot;d&quot;:&quot;https:\\\/\\\/scontent-arn2-1.cdninstagram.com\\\/v\\\/t51.82787-15\\\/670134822_18541836268070419_3682733134503226308_n.jpg?stp=dst-jpg_e35_tt6&amp;_nc_cat=107&amp;ccb=7-5&amp;_nc_sid=18de74&amp;efg=eyJlZmdfdGFnIjoiQ0xJUFMuYmVzdF9pbWFnZV91cmxnZW4uQzMifQ%3D%3D&amp;_nc_ohc=T_N9QiUQhRwQ7kNvwFuBgQs&amp;_nc_oc=AdoRyD3Cp1uqpaWZz5Q7GNwoGc8ibXd5pB63ktaViLqeeFYdyIDYLm98Eg3lluVuN5k&amp;_nc_zt=23&amp;_nc_ht=scontent-arn2-1.cdninstagram.com&amp;edm=ANo9K5cEAAAA&amp;_nc_gid=hI8zvE9o8tUuoKDvq5X25Q&amp;_nc_tpa=Q5bMBQHL2Zi5nlrwhZ5RDBS9mdhsPt6XO4f6AycddQDQYnsVKBcEfHuGlLoi9p3hwko3TxGrZk-pHJ1DKQ&amp;oh=00_Af1-30fEWj2JfvIYFteMbLGqaqVluzbLD3HWOoxpPzBE6A&amp;oe=69F3B020&quot;,&quot;150&quot;:&quot;https:\\\/\\\/scontent-arn2-1.cdninstagram.com\\\/v\\\/t51.82787-15\\\/670134822_18541836268070419_3682733134503226308_n.jpg?stp=dst-jpg_e35_tt6&amp;_nc_cat=107&amp;ccb=7-5&amp;_nc_sid=18de74&amp;efg=eyJlZmdfdGFnIjoiQ0xJUFMuYmVzdF9pbWFnZV91cmxnZW4uQzMifQ%3D%3D&amp;_nc_ohc=T_N9QiUQhRwQ7kNvwFuBgQs&amp;_nc_oc=AdoRyD3Cp1uqpaWZz5Q7GNwoGc8ibXd5pB63ktaViLqeeFYdyIDYLm98Eg3lluVuN5k&amp;_nc_zt=23&amp;_nc_ht=scontent-arn2-1.cdninstagram.com&amp;edm=ANo9K5cEAAAA&amp;_nc_gid=hI8zvE9o8tUuoKDvq5X25Q&amp;_nc_tpa=Q5bMBQHL2Zi5nlrwhZ5RDBS9mdhsPt6XO4f6AycddQDQYnsVKBcEfHuGlLoi9p3hwko3TxGrZk-pHJ1DKQ&amp;oh=00_Af1-30fEWj2JfvIYFteMbLGqaqVluzbLD3HWOoxpPzBE6A&amp;oe=69F3B020&quot;,&quot;320&quot;:&quot;https:\\\/\\\/scontent-arn2-1.cdninstagram.com\\\/v\\\/t51.82787-15\\\/670134822_18541836268070419_3682733134503226308_n.jpg?stp=dst-jpg_e35_tt6&amp;_nc_cat=107&amp;ccb=7-5&amp;_nc_sid=18de74&amp;efg=eyJlZmdfdGFnIjoiQ0xJUFMuYmVzdF9pbWFnZV91cmxnZW4uQzMifQ%3D%3D&amp;_nc_ohc=T_N9QiUQhRwQ7kNvwFuBgQs&amp;_nc_oc=AdoRyD3Cp1uqpaWZz5Q7GNwoGc8ibXd5pB63ktaViLqeeFYdyIDYLm98Eg3lluVuN5k&amp;_nc_zt=23&amp;_nc_ht=scontent-arn2-1.cdninstagram.com&amp;edm=ANo9K5cEAAAA&amp;_nc_gid=hI8zvE9o8tUuoKDvq5X25Q&amp;_nc_tpa=Q5bMBQHL2Zi5nlrwhZ5RDBS9mdhsPt6XO4f6AycddQDQYnsVKBcEfHuGlLoi9p3hwko3TxGrZk-pHJ1DKQ&amp;oh=00_Af1-30fEWj2JfvIYFteMbLGqaqVluzbLD3HWOoxpPzBE6A&amp;oe=69F3B020&quot;,&quot;640&quot;:&quot;https:\\\/\\\/scontent-arn2-1.cdninstagram.com\\\/v\\\/t51.82787-15\\\/670134822_18541836268070419_3682733134503226308_n.jpg?stp=dst-jpg_e35_tt6&amp;_nc_cat=107&amp;ccb=7-5&amp;_nc_sid=18de74&amp;efg=eyJlZmdfdGFnIjoiQ0xJUFMuYmVzdF9pbWFnZV91cmxnZW4uQzMifQ%3D%3D&amp;_nc_ohc=T_N9QiUQhRwQ7kNvwFuBgQs&amp;_nc_oc=AdoRyD3Cp1uqpaWZz5Q7GNwoGc8ibXd5pB63ktaViLqeeFYdyIDYLm98Eg3lluVuN5k&amp;_nc_zt=23&amp;_nc_ht=scontent-arn2-1.cdninstagram.com&amp;edm=ANo9K5cEAAAA&amp;_nc_gid=hI8zvE9o8tUuoKDvq5X25Q&amp;_nc_tpa=Q5bMBQHL2Zi5nlrwhZ5RDBS9mdhsPt6XO4f6AycddQDQYnsVKBcEfHuGlLoi9p3hwko3TxGrZk-pHJ1DKQ&amp;oh=00_Af1-30fEWj2JfvIYFteMbLGqaqVluzbLD3HWOoxpPzBE6A&amp;oe=69F3B020&quot;}\">\n\t\t\t<span class=\"sbi-screenreader\">Som vi har fejat och donat innan vi nu \u00f6ppnar f\u00f6r <\/span>\n\t\t\t\t\t\t<svg style=\"color: rgba(255,255,255,1)\" class=\"svg-inline--fa fa-play fa-w-14 sbi_playbtn\" aria-label=\"Play\" aria-hidden=\"true\" data-fa-processed=\"\" data-prefix=\"fa\" data-icon=\"play\" role=\"presentation\" xmlns=\"http:\/\/www.w3.org\/2000\/svg\" viewBox=\"0 0 448 512\"><path fill=\"currentColor\" d=\"M424.4 214.7L72.4 6.6C43.8-10.3 0 6.1 0 47.9V464c0 37.5 40.7 60.1 72.4 41.3l352-208c31.4-18.5 31.5-64.1 0-82.6z\"><\/path><\/svg>\t\t\t<img decoding=\"async\" src=\"https:\/\/labellevue.se\/wp-content\/plugins\/instagram-feed\/img\/placeholder.png\" alt=\"Som vi har fejat och donat innan vi nu \u00f6ppnar f\u00f6r s\u00e4songen. Jag har strukit alla v\u00e5ra fantastiska linne kimonos som v\u00e5ra g\u00e4ster f\u00e5r l\u00e5na n\u00e4r de \u00e4r hos oss.\" aria-hidden=\"true\">\n\t\t<\/a>\n\t<\/div>\n<\/div><div class=\"sbi_item sbi_type_video sbi_new sbi_transition\"\n\tid=\"sbi_18088107418982512\" data-date=\"1775975937\">\n\t<div class=\"sbi_photo_wrap\">\n\t\t<a class=\"sbi_photo\" href=\"https:\/\/www.instagram.com\/reel\/DXBZUDSCIks\/\" target=\"_blank\" rel=\"noopener nofollow\" data-full-res=\"https:\/\/scontent-arn2-1.cdninstagram.com\/v\/t51.71878-15\/670728860_948839604782020_4894382990809649042_n.jpg?stp=dst-jpg_e35_tt6&#038;_nc_cat=108&#038;ccb=7-5&#038;_nc_sid=18de74&#038;efg=eyJlZmdfdGFnIjoiQ0xJUFMuYmVzdF9pbWFnZV91cmxnZW4uQzMifQ%3D%3D&#038;_nc_ohc=vpaDgu56w84Q7kNvwF1HekW&#038;_nc_oc=Adr4JLFo24jVVAEV-RQkCUFjONkAPENfSA80_YK7AKOBaWAoFvdA3rHiNxKU0C3rlAw&#038;_nc_zt=23&#038;_nc_ht=scontent-arn2-1.cdninstagram.com&#038;edm=ANo9K5cEAAAA&#038;_nc_gid=hI8zvE9o8tUuoKDvq5X25Q&#038;_nc_tpa=Q5bMBQHrNZAlK3xtndFwhOeJjx9XzawODPZgJZ6qvKITXLe8Comnuox3k3z4mAFMZ5red04O-MgxudtVVA&#038;oh=00_Af0WlkK0tM5THi83-3_f19GGS2lwRYB521Zg__OwRO5qvw&#038;oe=69F3D297\" data-img-src-set=\"{&quot;d&quot;:&quot;https:\\\/\\\/scontent-arn2-1.cdninstagram.com\\\/v\\\/t51.71878-15\\\/670728860_948839604782020_4894382990809649042_n.jpg?stp=dst-jpg_e35_tt6&amp;_nc_cat=108&amp;ccb=7-5&amp;_nc_sid=18de74&amp;efg=eyJlZmdfdGFnIjoiQ0xJUFMuYmVzdF9pbWFnZV91cmxnZW4uQzMifQ%3D%3D&amp;_nc_ohc=vpaDgu56w84Q7kNvwF1HekW&amp;_nc_oc=Adr4JLFo24jVVAEV-RQkCUFjONkAPENfSA80_YK7AKOBaWAoFvdA3rHiNxKU0C3rlAw&amp;_nc_zt=23&amp;_nc_ht=scontent-arn2-1.cdninstagram.com&amp;edm=ANo9K5cEAAAA&amp;_nc_gid=hI8zvE9o8tUuoKDvq5X25Q&amp;_nc_tpa=Q5bMBQHrNZAlK3xtndFwhOeJjx9XzawODPZgJZ6qvKITXLe8Comnuox3k3z4mAFMZ5red04O-MgxudtVVA&amp;oh=00_Af0WlkK0tM5THi83-3_f19GGS2lwRYB521Zg__OwRO5qvw&amp;oe=69F3D297&quot;,&quot;150&quot;:&quot;https:\\\/\\\/scontent-arn2-1.cdninstagram.com\\\/v\\\/t51.71878-15\\\/670728860_948839604782020_4894382990809649042_n.jpg?stp=dst-jpg_e35_tt6&amp;_nc_cat=108&amp;ccb=7-5&amp;_nc_sid=18de74&amp;efg=eyJlZmdfdGFnIjoiQ0xJUFMuYmVzdF9pbWFnZV91cmxnZW4uQzMifQ%3D%3D&amp;_nc_ohc=vpaDgu56w84Q7kNvwF1HekW&amp;_nc_oc=Adr4JLFo24jVVAEV-RQkCUFjONkAPENfSA80_YK7AKOBaWAoFvdA3rHiNxKU0C3rlAw&amp;_nc_zt=23&amp;_nc_ht=scontent-arn2-1.cdninstagram.com&amp;edm=ANo9K5cEAAAA&amp;_nc_gid=hI8zvE9o8tUuoKDvq5X25Q&amp;_nc_tpa=Q5bMBQHrNZAlK3xtndFwhOeJjx9XzawODPZgJZ6qvKITXLe8Comnuox3k3z4mAFMZ5red04O-MgxudtVVA&amp;oh=00_Af0WlkK0tM5THi83-3_f19GGS2lwRYB521Zg__OwRO5qvw&amp;oe=69F3D297&quot;,&quot;320&quot;:&quot;https:\\\/\\\/scontent-arn2-1.cdninstagram.com\\\/v\\\/t51.71878-15\\\/670728860_948839604782020_4894382990809649042_n.jpg?stp=dst-jpg_e35_tt6&amp;_nc_cat=108&amp;ccb=7-5&amp;_nc_sid=18de74&amp;efg=eyJlZmdfdGFnIjoiQ0xJUFMuYmVzdF9pbWFnZV91cmxnZW4uQzMifQ%3D%3D&amp;_nc_ohc=vpaDgu56w84Q7kNvwF1HekW&amp;_nc_oc=Adr4JLFo24jVVAEV-RQkCUFjONkAPENfSA80_YK7AKOBaWAoFvdA3rHiNxKU0C3rlAw&amp;_nc_zt=23&amp;_nc_ht=scontent-arn2-1.cdninstagram.com&amp;edm=ANo9K5cEAAAA&amp;_nc_gid=hI8zvE9o8tUuoKDvq5X25Q&amp;_nc_tpa=Q5bMBQHrNZAlK3xtndFwhOeJjx9XzawODPZgJZ6qvKITXLe8Comnuox3k3z4mAFMZ5red04O-MgxudtVVA&amp;oh=00_Af0WlkK0tM5THi83-3_f19GGS2lwRYB521Zg__OwRO5qvw&amp;oe=69F3D297&quot;,&quot;640&quot;:&quot;https:\\\/\\\/scontent-arn2-1.cdninstagram.com\\\/v\\\/t51.71878-15\\\/670728860_948839604782020_4894382990809649042_n.jpg?stp=dst-jpg_e35_tt6&amp;_nc_cat=108&amp;ccb=7-5&amp;_nc_sid=18de74&amp;efg=eyJlZmdfdGFnIjoiQ0xJUFMuYmVzdF9pbWFnZV91cmxnZW4uQzMifQ%3D%3D&amp;_nc_ohc=vpaDgu56w84Q7kNvwF1HekW&amp;_nc_oc=Adr4JLFo24jVVAEV-RQkCUFjONkAPENfSA80_YK7AKOBaWAoFvdA3rHiNxKU0C3rlAw&amp;_nc_zt=23&amp;_nc_ht=scontent-arn2-1.cdninstagram.com&amp;edm=ANo9K5cEAAAA&amp;_nc_gid=hI8zvE9o8tUuoKDvq5X25Q&amp;_nc_tpa=Q5bMBQHrNZAlK3xtndFwhOeJjx9XzawODPZgJZ6qvKITXLe8Comnuox3k3z4mAFMZ5red04O-MgxudtVVA&amp;oh=00_Af0WlkK0tM5THi83-3_f19GGS2lwRYB521Zg__OwRO5qvw&amp;oe=69F3D297&quot;}\">\n\t\t\t<span class=\"sbi-screenreader\">Har jag blivit fransk?\n\nIg\u00e5r var vi p\u00e5 banken och <\/span>\n\t\t\t\t\t\t<svg style=\"color: rgba(255,255,255,1)\" class=\"svg-inline--fa fa-play fa-w-14 sbi_playbtn\" aria-label=\"Play\" aria-hidden=\"true\" data-fa-processed=\"\" data-prefix=\"fa\" data-icon=\"play\" role=\"presentation\" xmlns=\"http:\/\/www.w3.org\/2000\/svg\" viewBox=\"0 0 448 512\"><path fill=\"currentColor\" d=\"M424.4 214.7L72.4 6.6C43.8-10.3 0 6.1 0 47.9V464c0 37.5 40.7 60.1 72.4 41.3l352-208c31.4-18.5 31.5-64.1 0-82.6z\"><\/path><\/svg>\t\t\t<img decoding=\"async\" src=\"https:\/\/labellevue.se\/wp-content\/plugins\/instagram-feed\/img\/placeholder.png\" alt=\"Har jag blivit fransk?\n\nIg\u00e5r var vi p\u00e5 banken och tr\u00e4ffade Monsieur M v\u00e5r fantastiska bankman. Vi sm\u00e5pratade lite och jag ber\u00e4ttar om en insidens n\u00e4r jag blivit s\u00e5 uppr\u00f6rd. Monsieur M skrattade och sa \u201dAha Madame ett s\u00e4kert tecken p\u00e5 att ni blivit v\u00e4ldigt fransk!.\n\nP\u00e5 v\u00e4gen hem s\u00e5 t\u00e4nkte jag efter, hur fransk har jag blivit egentligen? Det finns sm\u00e5 f\u00f6r\u00e4ndringar som sakta har smugit sig p\u00e5. Ni vet s\u00e5 d\u00e4r s\u00e5 att man inte riktigt vet n\u00e4r det b\u00f6rjade men man m\u00e4rker definitivt av dem i vissa situationer och blir f\u00f6rv\u00e5nad \u00e4ven att andra reagerar. Ja, jag menar det har blivit det nya normala. \n\nVar \u00e4r br\u00f6det?!!\n\nEn av de saker som jag definitivt reagerar p\u00e5 n\u00e4r jag  kommer hem till Sverige och vi \u00e4r ute och \u00e4ter. Var tusan \u00e4r br\u00f6det? Hur t\u00e4nker de att jag n\u00e5gonsin skall kunna \u00e4ta upp min mat utan br\u00f6d? \u00c4n v\u00e4rre \u00e4r att om e nu har br\u00f6d s\u00e5 m\u00e5ste jag best\u00e4lla in det och betla som f\u00f6r en ytterligare r\u00e4tt. In kommer d\u00e5 en j\u00e4tte bulle oftast sp\u00e4ckad med n\u00e5got smaksatt sm\u00f6r. \n\nHall\u00e5! Jag vill bara ha n\u00e5gra skivor baguette att bryta sm\u00e5 bitar av och suga upp s\u00e5s och de sista smulorna med. \n\nMiddag innan klockan 20.00?!?\n\nTycker att en middag b\u00f6rjar lite v\u00e4l tidigt om den startar f\u00f6re \u00e5tta. Har an ens hunnit bli hungrig? Dessutom man har inte hunnit med alla dagens \u201dm\u00e5sten\u201d s\u00e5 att man kan sitta ner i lugn och ro i en dryga 1 1\/2-2 timmar som en middag tar. \n\nEn sidenscarf - livsn\u00f6dv\u00e4ndigt\n\nJag g\u00e5r  inte l\u00e4ngre g\u00e5r hemifr\u00e5n utan en sidenscarf.\nInte f\u00f6r att jag planerat en outfit \u2013 utan f\u00f6r att man aldrig riktigt vet vad dagen kr\u00e4ver. Sol, vind, ett glas vin p\u00e5 torget eller bara en k\u00e4nsla av att vilja se lite mer samlad ut \u00e4n man egentligen \u00e4r.\n\nAtt l\u00e5ta diskussionsv\u00e5grona g\u00e5 h\u00f6ga\nH\u00e4r diskuterar man. P\u00e5 riktigt. Politik, mat, skola, vin, v\u00e4der, jord, id\u00e9er. Man kan vara oense utan att det blir obekv\u00e4mt. Tv\u00e4rtom \u2013 det ses n\u00e4stan som ett tecken p\u00e5 att man \u00e4r engagerad.\nH\u00e4rligt med diskussioner, viftande armar och att de inte alltid beh\u00f6ver leda fram till n\u00e5got. Att de bara f\u00e5r vara en del av dagen.\n\nOch n\u00e5gonstans d\u00e4r h\u00e4nder det\nMellan v\u00e4gen ner till bageriet, middagar som b\u00f6rjar sent och en sidenscarf i v\u00e4skan m\u00e4rker jag att Frankrike inte l\u00e4ngre bara \u00e4r en plats jag bor p\u00e5.\" aria-hidden=\"true\">\n\t\t<\/a>\n\t<\/div>\n<\/div><div class=\"sbi_item sbi_type_carousel sbi_new sbi_transition\"\n\tid=\"sbi_18102466909744381\" data-date=\"1775924558\">\n\t<div class=\"sbi_photo_wrap\">\n\t\t<a class=\"sbi_photo\" href=\"https:\/\/www.instagram.com\/p\/DW_3hEWAl_n\/\" target=\"_blank\" rel=\"noopener nofollow\" data-full-res=\"https:\/\/scontent-arn2-1.cdninstagram.com\/v\/t51.82787-15\/670422125_18541695502070419_8068437965680556556_n.jpg?stp=dst-jpg_e35_tt6&#038;_nc_cat=106&#038;ccb=7-5&#038;_nc_sid=18de74&#038;efg=eyJlZmdfdGFnIjoiQ0FST1VTRUxfSVRFTS5iZXN0X2ltYWdlX3VybGdlbi5DMyJ9&#038;_nc_ohc=gaSNgY7dPdIQ7kNvwFOzyXG&#038;_nc_oc=AdpDOXYMfea8Lq7SHQeNJvSCCk0lePq0qcAQ4_J7DwZJE_jT5c9kA2aHQHGD6Z7LehY&#038;_nc_zt=23&#038;_nc_ht=scontent-arn2-1.cdninstagram.com&#038;edm=ANo9K5cEAAAA&#038;_nc_gid=hI8zvE9o8tUuoKDvq5X25Q&#038;_nc_tpa=Q5bMBQHdIGcU7Ec9NBGZRDFiFpBY60Ctxwt83KaNacOeuyB8YC6CAY_kNBoIl3FEkeA4ajq4moxXVUlcDw&#038;oh=00_Af3iqWbASzGHYPJ8BpqJX_xHfYjJ3nh-S9EU0IpJ1x1x5g&#038;oe=69F3CB4B\" data-img-src-set=\"{&quot;d&quot;:&quot;https:\\\/\\\/scontent-arn2-1.cdninstagram.com\\\/v\\\/t51.82787-15\\\/670422125_18541695502070419_8068437965680556556_n.jpg?stp=dst-jpg_e35_tt6&amp;_nc_cat=106&amp;ccb=7-5&amp;_nc_sid=18de74&amp;efg=eyJlZmdfdGFnIjoiQ0FST1VTRUxfSVRFTS5iZXN0X2ltYWdlX3VybGdlbi5DMyJ9&amp;_nc_ohc=gaSNgY7dPdIQ7kNvwFOzyXG&amp;_nc_oc=AdpDOXYMfea8Lq7SHQeNJvSCCk0lePq0qcAQ4_J7DwZJE_jT5c9kA2aHQHGD6Z7LehY&amp;_nc_zt=23&amp;_nc_ht=scontent-arn2-1.cdninstagram.com&amp;edm=ANo9K5cEAAAA&amp;_nc_gid=hI8zvE9o8tUuoKDvq5X25Q&amp;_nc_tpa=Q5bMBQHdIGcU7Ec9NBGZRDFiFpBY60Ctxwt83KaNacOeuyB8YC6CAY_kNBoIl3FEkeA4ajq4moxXVUlcDw&amp;oh=00_Af3iqWbASzGHYPJ8BpqJX_xHfYjJ3nh-S9EU0IpJ1x1x5g&amp;oe=69F3CB4B&quot;,&quot;150&quot;:&quot;https:\\\/\\\/scontent-arn2-1.cdninstagram.com\\\/v\\\/t51.82787-15\\\/670422125_18541695502070419_8068437965680556556_n.jpg?stp=dst-jpg_e35_tt6&amp;_nc_cat=106&amp;ccb=7-5&amp;_nc_sid=18de74&amp;efg=eyJlZmdfdGFnIjoiQ0FST1VTRUxfSVRFTS5iZXN0X2ltYWdlX3VybGdlbi5DMyJ9&amp;_nc_ohc=gaSNgY7dPdIQ7kNvwFOzyXG&amp;_nc_oc=AdpDOXYMfea8Lq7SHQeNJvSCCk0lePq0qcAQ4_J7DwZJE_jT5c9kA2aHQHGD6Z7LehY&amp;_nc_zt=23&amp;_nc_ht=scontent-arn2-1.cdninstagram.com&amp;edm=ANo9K5cEAAAA&amp;_nc_gid=hI8zvE9o8tUuoKDvq5X25Q&amp;_nc_tpa=Q5bMBQHdIGcU7Ec9NBGZRDFiFpBY60Ctxwt83KaNacOeuyB8YC6CAY_kNBoIl3FEkeA4ajq4moxXVUlcDw&amp;oh=00_Af3iqWbASzGHYPJ8BpqJX_xHfYjJ3nh-S9EU0IpJ1x1x5g&amp;oe=69F3CB4B&quot;,&quot;320&quot;:&quot;https:\\\/\\\/scontent-arn2-1.cdninstagram.com\\\/v\\\/t51.82787-15\\\/670422125_18541695502070419_8068437965680556556_n.jpg?stp=dst-jpg_e35_tt6&amp;_nc_cat=106&amp;ccb=7-5&amp;_nc_sid=18de74&amp;efg=eyJlZmdfdGFnIjoiQ0FST1VTRUxfSVRFTS5iZXN0X2ltYWdlX3VybGdlbi5DMyJ9&amp;_nc_ohc=gaSNgY7dPdIQ7kNvwFOzyXG&amp;_nc_oc=AdpDOXYMfea8Lq7SHQeNJvSCCk0lePq0qcAQ4_J7DwZJE_jT5c9kA2aHQHGD6Z7LehY&amp;_nc_zt=23&amp;_nc_ht=scontent-arn2-1.cdninstagram.com&amp;edm=ANo9K5cEAAAA&amp;_nc_gid=hI8zvE9o8tUuoKDvq5X25Q&amp;_nc_tpa=Q5bMBQHdIGcU7Ec9NBGZRDFiFpBY60Ctxwt83KaNacOeuyB8YC6CAY_kNBoIl3FEkeA4ajq4moxXVUlcDw&amp;oh=00_Af3iqWbASzGHYPJ8BpqJX_xHfYjJ3nh-S9EU0IpJ1x1x5g&amp;oe=69F3CB4B&quot;,&quot;640&quot;:&quot;https:\\\/\\\/scontent-arn2-1.cdninstagram.com\\\/v\\\/t51.82787-15\\\/670422125_18541695502070419_8068437965680556556_n.jpg?stp=dst-jpg_e35_tt6&amp;_nc_cat=106&amp;ccb=7-5&amp;_nc_sid=18de74&amp;efg=eyJlZmdfdGFnIjoiQ0FST1VTRUxfSVRFTS5iZXN0X2ltYWdlX3VybGdlbi5DMyJ9&amp;_nc_ohc=gaSNgY7dPdIQ7kNvwFOzyXG&amp;_nc_oc=AdpDOXYMfea8Lq7SHQeNJvSCCk0lePq0qcAQ4_J7DwZJE_jT5c9kA2aHQHGD6Z7LehY&amp;_nc_zt=23&amp;_nc_ht=scontent-arn2-1.cdninstagram.com&amp;edm=ANo9K5cEAAAA&amp;_nc_gid=hI8zvE9o8tUuoKDvq5X25Q&amp;_nc_tpa=Q5bMBQHdIGcU7Ec9NBGZRDFiFpBY60Ctxwt83KaNacOeuyB8YC6CAY_kNBoIl3FEkeA4ajq4moxXVUlcDw&amp;oh=00_Af3iqWbASzGHYPJ8BpqJX_xHfYjJ3nh-S9EU0IpJ1x1x5g&amp;oe=69F3CB4B&quot;}\">\n\t\t\t<span class=\"sbi-screenreader\">Har jag blivit fransk?\n\nIg\u00e5r var vi p\u00e5 banken och <\/span>\n\t\t\t<svg class=\"svg-inline--fa fa-clone fa-w-16 sbi_lightbox_carousel_icon\" aria-hidden=\"true\" aria-label=\"Clone\" data-fa-pro\u0192cessed=\"\" data-prefix=\"far\" data-icon=\"clone\" role=\"img\" xmlns=\"http:\/\/www.w3.org\/2000\/svg\" viewBox=\"0 0 512 512\">\n                    <path fill=\"currentColor\" d=\"M464 0H144c-26.51 0-48 21.49-48 48v48H48c-26.51 0-48 21.49-48 48v320c0 26.51 21.49 48 48 48h320c26.51 0 48-21.49 48-48v-48h48c26.51 0 48-21.49 48-48V48c0-26.51-21.49-48-48-48zM362 464H54a6 6 0 0 1-6-6V150a6 6 0 0 1 6-6h42v224c0 26.51 21.49 48 48 48h224v42a6 6 0 0 1-6 6zm96-96H150a6 6 0 0 1-6-6V54a6 6 0 0 1 6-6h308a6 6 0 0 1 6 6v308a6 6 0 0 1-6 6z\"><\/path>\n                <\/svg>\t\t\t\t\t\t<img decoding=\"async\" src=\"https:\/\/labellevue.se\/wp-content\/plugins\/instagram-feed\/img\/placeholder.png\" alt=\"Har jag blivit fransk?\n\nIg\u00e5r var vi p\u00e5 banken och tr\u00e4ffade Monsieur M v\u00e5r fantastiska bankman. Vi sm\u00e5pratade lite och jag ber\u00e4ttar om en insidens n\u00e4r jag blivit s\u00e5 uppr\u00f6rd. Monsieur M skrattade och sa \u201dAha Madame ett s\u00e4kert tecken p\u00e5 att ni blivit v\u00e4ldigt fransk!.\n\nP\u00e5 v\u00e4gen hem s\u00e5 t\u00e4nkte jag efter, hur fransk har jag blivit egentligen? Det finns sm\u00e5 f\u00f6r\u00e4ndringar som sakta har smugit sig p\u00e5. Ni vet s\u00e5 d\u00e4r s\u00e5 att man inte riktigt vet n\u00e4r det b\u00f6rjade men man m\u00e4rker definitivt av dem i vissa situationer och blir f\u00f6rv\u00e5nad \u00e4ven att andra reagerar. Ja, jag menar det har blivit det nya normala. \n\nVar \u00e4r br\u00f6det?!!\n\nEn av de saker som jag definitivt reagerar p\u00e5 n\u00e4r jag  kommer hem till Sverige och vi \u00e4r ute och \u00e4ter. Var tusan \u00e4r br\u00f6det? Hur t\u00e4nker de att jag n\u00e5gonsin skall kunna \u00e4ta upp min mat utan br\u00f6d? \u00c4n v\u00e4rre \u00e4r att om e nu har br\u00f6d s\u00e5 m\u00e5ste jag best\u00e4lla in det och betla som f\u00f6r en ytterligare r\u00e4tt. In kommer d\u00e5 en j\u00e4tte bulle oftast sp\u00e4ckad med n\u00e5got smaksatt sm\u00f6r. \n\nHall\u00e5! Jag vill bara ha n\u00e5gra skivor baguette att bryta sm\u00e5 bitar av och suga upp s\u00e5s och de sista smulorna med. \n\nMiddag innan klockan 20.00?!?\n\nTycker att en middag b\u00f6rjar lite v\u00e4l tidigt om den startar f\u00f6re \u00e5tta. Har an ens hunnit bli hungrig? Dessutom man har inte hunnit med alla dagens \u201dm\u00e5sten\u201d s\u00e5 att man kan sitta ner i lugn och ro i en dryga 1 1\/2-2 timmar som en middag tar. \n\nEn sidenscarf - livsn\u00f6dv\u00e4ndigt\n\nJag g\u00e5r  inte l\u00e4ngre g\u00e5r hemifr\u00e5n utan en sidenscarf.\nInte f\u00f6r att jag planerat en outfit \u2013 utan f\u00f6r att man aldrig riktigt vet vad dagen kr\u00e4ver. Sol, vind, ett glas vin p\u00e5 torget eller bara en k\u00e4nsla av att vilja se lite mer samlad ut \u00e4n man egentligen \u00e4r.\n\nAtt l\u00e5ta diskussionsv\u00e5grona g\u00e5 h\u00f6ga.\n\nH\u00e4r diskuterar man. P\u00e5 riktigt. Politik, mat, skola, vin, v\u00e4der, jord, id\u00e9er. Man kan vara oense utan att det blir obekv\u00e4mt. Tv\u00e4rtom \u2013 det ses n\u00e4stan som ett tecken p\u00e5 att man \u00e4r engagerad.\n\nH\u00e4rligt med diskussioner, viftande armar och att de inte alltid beh\u00f6ver leda fram till n\u00e5got. Att de bara f\u00e5r vara en del av dagen.\n\nOch n\u00e5gonstans d\u00e4r h\u00e4nder det.\n\nMellan v\u00e4gen ner till bageriet, middagar som b\u00f6rjar sent och en sidenscarf i v\u00e4skan m\u00e4rker jag att Frankrike inte l\u00e4ngre bara \u00e4r en plats jag bor p\u00e5.\" aria-hidden=\"true\">\n\t\t<\/a>\n\t<\/div>\n<\/div>\t<\/div>\n\n\t<div id=\"sbi_load\" >\n\n\t\n\t\t\t<span class=\"sbi_follow_btn\" >\n\t\t\t<a target=\"_blank\" rel=\"nofollow noopener\" href=\"https:\/\/www.instagram.com\/labellevueneffies\/\">\n\t\t\t\t<svg class=\"svg-inline--fa fa-instagram fa-w-14\" aria-hidden=\"true\" data-fa-processed=\"\" aria-label=\"Instagram\" data-prefix=\"fab\" data-icon=\"instagram\" role=\"img\" viewBox=\"0 0 448 512\">\n                    <path fill=\"currentColor\" d=\"M224.1 141c-63.6 0-114.9 51.3-114.9 114.9s51.3 114.9 114.9 114.9S339 319.5 339 255.9 287.7 141 224.1 141zm0 189.6c-41.1 0-74.7-33.5-74.7-74.7s33.5-74.7 74.7-74.7 74.7 33.5 74.7 74.7-33.6 74.7-74.7 74.7zm146.4-194.3c0 14.9-12 26.8-26.8 26.8-14.9 0-26.8-12-26.8-26.8s12-26.8 26.8-26.8 26.8 12 26.8 26.8zm76.1 27.2c-1.7-35.9-9.9-67.7-36.2-93.9-26.2-26.2-58-34.4-93.9-36.2-37-2.1-147.9-2.1-184.9 0-35.8 1.7-67.6 9.9-93.9 36.1s-34.4 58-36.2 93.9c-2.1 37-2.1 147.9 0 184.9 1.7 35.9 9.9 67.7 36.2 93.9s58 34.4 93.9 36.2c37 2.1 147.9 2.1 184.9 0 35.9-1.7 67.7-9.9 93.9-36.2 26.2-26.2 34.4-58 36.2-93.9 2.1-37 2.1-147.8 0-184.8zM398.8 388c-7.8 19.6-22.9 34.7-42.6 42.6-29.5 11.7-99.5 9-132.1 9s-102.7 2.6-132.1-9c-19.6-7.8-34.7-22.9-42.6-42.6-11.7-29.5-9-99.5-9-132.1s-2.6-102.7 9-132.1c7.8-19.6 22.9-34.7 42.6-42.6 29.5-11.7 99.5-9 132.1-9s102.7-2.6 132.1 9c19.6 7.8 34.7 22.9 42.6 42.6 11.7 29.5 9 99.5 9 132.1s2.7 102.7-9 132.1z\"><\/path>\n                <\/svg>\t\t\t\t<span>Suivre sur Instagram<\/span>\n\t\t\t<\/a>\n\t\t<\/span>\n\t\n<\/div>\n\t\t<span class=\"sbi_resized_image_data\" data-feed-id=\"*1\"\n\t\t  data-resized=\"{&quot;18102466909744381&quot;:{&quot;id&quot;:&quot;670422125_18541695502070419_8068437965680556556_n&quot;,&quot;ratio&quot;:&quot;1.00&quot;,&quot;sizes&quot;:{&quot;full&quot;:640,&quot;low&quot;:320,&quot;thumb&quot;:150},&quot;extension&quot;:&quot;.webp&quot;},&quot;18061809278403528&quot;:{&quot;id&quot;:&quot;670222874_979029457879167_5591482151346618408_n&quot;,&quot;ratio&quot;:&quot;0.56&quot;,&quot;sizes&quot;:{&quot;full&quot;:640,&quot;low&quot;:320,&quot;thumb&quot;:150},&quot;extension&quot;:&quot;.webp&quot;},&quot;18088107418982512&quot;:{&quot;id&quot;:&quot;670728860_948839604782020_4894382990809649042_n&quot;,&quot;ratio&quot;:&quot;0.56&quot;,&quot;sizes&quot;:{&quot;full&quot;:640,&quot;low&quot;:320,&quot;thumb&quot;:150},&quot;extension&quot;:&quot;.webp&quot;},&quot;18039836771784673&quot;:{&quot;id&quot;:&quot;670304162_18542343181070419_5443204679306408713_n&quot;,&quot;ratio&quot;:&quot;1.33&quot;,&quot;sizes&quot;:{&quot;full&quot;:640,&quot;low&quot;:320,&quot;thumb&quot;:150},&quot;extension&quot;:&quot;.webp&quot;},&quot;18054850562724372&quot;:{&quot;id&quot;:&quot;670887046_1790732401886554_6533509595028532446_n&quot;,&quot;ratio&quot;:&quot;0.56&quot;,&quot;sizes&quot;:{&quot;full&quot;:640,&quot;low&quot;:320,&quot;thumb&quot;:150},&quot;extension&quot;:&quot;.webp&quot;},&quot;17861470263565428&quot;:{&quot;id&quot;:&quot;671176280_18542771875070419_8102271326201377232_n&quot;,&quot;ratio&quot;:&quot;0.75&quot;,&quot;sizes&quot;:{&quot;full&quot;:640,&quot;low&quot;:320,&quot;thumb&quot;:150},&quot;extension&quot;:&quot;.webp&quot;},&quot;18576878407049651&quot;:{&quot;id&quot;:&quot;670545654_18543857761070419_3947663325765918468_n&quot;,&quot;ratio&quot;:&quot;1.00&quot;,&quot;sizes&quot;:{&quot;full&quot;:640,&quot;low&quot;:320,&quot;thumb&quot;:150},&quot;extension&quot;:&quot;.webp&quot;},&quot;18084153602604591&quot;:{&quot;id&quot;:&quot;656194823_18544141708070419_2568204445527197528_n&quot;,&quot;ratio&quot;:&quot;1.47&quot;,&quot;sizes&quot;:{&quot;full&quot;:640,&quot;low&quot;:320,&quot;thumb&quot;:150},&quot;extension&quot;:&quot;.webp&quot;}}\">\n\t<\/span>\n\t<\/div>\n\n\t<style type=\"text\/css\">\n\t\t\t\t\t\t\t\t\t\t\t\t#sb_instagram.sbi_palette_custom_1 #sbi_load .sbi_load_btn {\n\t\t\tbackground: #4f3f31;\n\t\t}\n\n\t\t\t\t\t\t#sb_instagram.sbi_palette_custom_1 #sbi_load .sbi_follow_btn a {\n\t\t\tbackground: #4f3f31;\n\t\t}\n\n\t\t\t<\/style>\n\t\t<style type=\"text\/css\">\n\t\t\t\t\t\t#sb_instagram .sbi_follow_btn a:hover,\n\t\t#sb_instagram .sbi_follow_btn a:focus {\n\t\t\toutline: none;\n\t\t\tbox-shadow: inset 0 0 10px 20px#333333;\n\t\t}\n\n\t\t\t<\/style>\n\t\n<p>[\/et_pb_text][\/et_pb_column][\/et_pb_row][\/et_pb_section]<\/p>\n","protected":false},"excerpt":{"rendered":"<p>Un lieu de d\u00e9tente Profiter de la vie, rire ensemble, reposer son corps et son \u00e2me, se retrouver avec des amis et avec soi-m\u00eame, prendre du recul. Bienvenue dans nos chambres d\u2019h\u00f4tes localis\u00e9es dans le village de Neffi\u00e8s, dans le sud de la France. Neffi\u00e8s est situ\u00e9 au c\u0153ur du Languedoc, une r\u00e9gion riche en [&hellip;]<\/p>\n","protected":false},"author":2,"featured_media":0,"parent":0,"menu_order":0,"comment_status":"closed","ping_status":"closed","template":"","meta":{"_et_pb_use_builder":"on","_et_pb_old_content":"","_et_gb_content_width":"","footnotes":""},"class_list":["post-2076","page","type-page","status-publish","hentry"],"_links":{"self":[{"href":"https:\/\/labellevue.se\/fr\/wp-json\/wp\/v2\/pages\/2076","targetHints":{"allow":["GET"]}}],"collection":[{"href":"https:\/\/labellevue.se\/fr\/wp-json\/wp\/v2\/pages"}],"about":[{"href":"https:\/\/labellevue.se\/fr\/wp-json\/wp\/v2\/types\/page"}],"author":[{"embeddable":true,"href":"https:\/\/labellevue.se\/fr\/wp-json\/wp\/v2\/users\/2"}],"replies":[{"embeddable":true,"href":"https:\/\/labellevue.se\/fr\/wp-json\/wp\/v2\/comments?post=2076"}],"version-history":[{"count":12,"href":"https:\/\/labellevue.se\/fr\/wp-json\/wp\/v2\/pages\/2076\/revisions"}],"predecessor-version":[{"id":2556,"href":"https:\/\/labellevue.se\/fr\/wp-json\/wp\/v2\/pages\/2076\/revisions\/2556"}],"wp:attachment":[{"href":"https:\/\/labellevue.se\/fr\/wp-json\/wp\/v2\/media?parent=2076"}],"curies":[{"name":"wp","href":"https:\/\/api.w.org\/{rel}","templated":true}]}}